{"id":6160,"date":"2022-10-26T07:22:32","date_gmt":"2022-10-26T07:22:32","guid":{"rendered":"https:\/\/www.svial.ch\/protection-des-donnees\/"},"modified":"2023-02-27T07:23:00","modified_gmt":"2023-02-27T07:23:00","slug":"protection-des-donnees","status":"publish","type":"page","link":"https:\/\/www.svial.ch\/fr\/protection-des-donnees\/","title":{"rendered":"Protection des donn\u00e9es"},"content":{"rendered":"\t\t<div data-elementor-type=\"wp-page\" data-elementor-id=\"6160\" class=\"elementor elementor-6160 elementor-633\" data-elementor-post-type=\"page\">\n\t\t\t\t\t\t<header class=\"elementor-section elementor-top-section elementor-element elementor-element-37d5baa4 elementor-section-stretched elementor-section-height-min-height elementor-section-boxed elementor-section-height-default elementor-section-items-middle rael-particle-no\" data-id=\"37d5baa4\" data-element_type=\"section\" data-e-type=\"section\" data-settings=\"{&quot;stretch_section&quot;:&quot;section-stretched&quot;,&quot;background_background&quot;:&quot;gradient&quot;,&quot;rae_animations_entrance&quot;:&quot;none&quot;}\">\n\t\t\t\t\t\t\t<div class=\"elementor-background-overlay\"><\/div>\n\t\t\t\t\t\t\t<div class=\"elementor-container elementor-column-gap-default\">\n\t\t\t\t\t<div class=\"elementor-column elementor-col-100 elementor-top-column elementor-element elementor-element-360a8e4c envato-kit-62-home rael-particle-no\" data-id=\"360a8e4c\" data-element_type=\"column\" data-e-type=\"column\" data-settings=\"{&quot;background_background&quot;:&quot;classic&quot;}\">\n\t\t\t<div class=\"elementor-widget-wrap elementor-element-populated\">\n\t\t\t\t\t\t<div class=\"elementor-element elementor-element-1f0ba5fa elementor-align-center elementor-widget elementor-widget-button\" data-id=\"1f0ba5fa\" data-element_type=\"widget\" data-e-type=\"widget\" data-widget_type=\"button.default\">\n\t\t\t\t<div class=\"elementor-widget-container\">\n\t\t\t\t\t\t\t\t\t<div class=\"elementor-button-wrapper\">\n\t\t\t\t\t<a class=\"elementor-button elementor-button-link elementor-size-sm\" href=\"#\">\n\t\t\t\t\t\t<span class=\"elementor-button-content-wrapper\">\n\t\t\t\t\t\t\t\t\t<span class=\"elementor-button-text\">Mon r\u00e9seau agroalimentaire<\/span>\n\t\t\t\t\t<\/span>\n\t\t\t\t\t<\/a>\n\t\t\t\t<\/div>\n\t\t\t\t\t\t\t\t<\/div>\n\t\t\t\t<\/div>\n\t\t\t\t<div class=\"elementor-element elementor-element-2b168569 elementor-widget elementor-widget-heading\" data-id=\"2b168569\" data-element_type=\"widget\" data-e-type=\"widget\" data-widget_type=\"heading.default\">\n\t\t\t\t<div class=\"elementor-widget-container\">\n\t\t\t\t\t<h2 class=\"elementor-heading-title elementor-size-default\">Protection des donn\u00e9es<\/h2>\t\t\t\t<\/div>\n\t\t\t\t<\/div>\n\t\t\t\t\t<\/div>\n\t\t<\/div>\n\t\t\t\t\t<\/div>\n\t\t<\/header>\n\t\t\t\t<section class=\"elementor-section elementor-top-section elementor-element elementor-element-140064ee elementor-section-boxed elementor-section-height-default elementor-section-height-default rael-particle-no\" data-id=\"140064ee\" data-element_type=\"section\" data-e-type=\"section\" data-settings=\"{&quot;rae_animations_entrance&quot;:&quot;none&quot;}\">\n\t\t\t\t\t\t<div class=\"elementor-container elementor-column-gap-default\">\n\t\t\t\t\t<div class=\"elementor-column elementor-col-100 elementor-top-column elementor-element elementor-element-17db470a rael-particle-no\" data-id=\"17db470a\" data-element_type=\"column\" data-e-type=\"column\">\n\t\t\t<div class=\"elementor-widget-wrap elementor-element-populated\">\n\t\t\t\t\t\t<div class=\"elementor-element elementor-element-1c773b0 elementor-widget elementor-widget-heading\" data-id=\"1c773b0\" data-element_type=\"widget\" data-e-type=\"widget\" data-widget_type=\"heading.default\">\n\t\t\t\t<div class=\"elementor-widget-container\">\n\t\t\t\t\t<h2 class=\"elementor-heading-title elementor-size-default\">D\u00e9claration de confidentialit\u00e9<\/h2>\t\t\t\t<\/div>\n\t\t\t\t<\/div>\n\t\t\t\t<div class=\"elementor-element elementor-element-1be0782 elementor-widget elementor-widget-text-editor\" data-id=\"1be0782\" data-element_type=\"widget\" data-e-type=\"widget\" data-widget_type=\"text-editor.default\">\n\t\t\t\t<div class=\"elementor-widget-container\">\n\t\t\t\t\t\t\t\t\t<p style=\"font-style: normal; font-variant-caps: normal; margin-bottom: 10px; caret-color: #333333; color: #333333; font-family: Ubuntu, sans-serif, Helvetica, sans-serif; font-size: 17px; line-height: 1.6em !important;\">Le service responsable au sens des lois sur la protection des donn\u00e9es, en particulier du r\u00e8glement g\u00e9n\u00e9ral sur la protection des donn\u00e9es (RGPD) de l&rsquo;UE, est :<\/p>\n<p><span style=\"caret-color: #333333; color: #333333; font-family: Ubuntu, sans-serif, Helvetica, sans-serif; font-size: 17px; font-style: normal; font-variant-caps: normal; letter-spacing: var( --e-global-typography-c519956-letter-spacing ); text-transform: var( --e-global-typography-c519956-text-transform ); word-spacing: var( --e-global-typography-c519956-word-spacing ); text-decoration: var( --e-global-typography-c519956-text-decoration );\">SVIAL \/ ASIAT<br \/><\/span><span style=\"caret-color: #333333; color: #333333; font-family: Ubuntu, sans-serif, Helvetica, sans-serif; font-size: 17px; font-style: normal; font-variant-caps: normal; letter-spacing: var( --e-global-typography-c519956-letter-spacing ); text-transform: var( --e-global-typography-c519956-text-transform ); word-spacing: var( --e-global-typography-c519956-word-spacing ); text-decoration: var( --e-global-typography-c519956-text-decoration );\">Andreas H\u00fcgli<br \/><\/span>Sch\u00fctzenstrasse 10<br \/>3052 Zollikofen<br \/>T\u00e9l\u00e9phone : +41 31 910 50 75<br \/>Courrier \u00e9lectronique : <a href=\"mailto:svial@svial.ch\">svial@svial.ch<\/a><br \/>Site web <a href=\"https:\/\/svial.ch\/\">: https:\/\/svial.ch\/<\/a><\/p>\n\t\t\t\t\t\t\t\t<\/div>\n\t\t\t\t<\/div>\n\t\t\t\t<div class=\"elementor-element elementor-element-1528c8a elementor-widget elementor-widget-heading\" data-id=\"1528c8a\" data-element_type=\"widget\" data-e-type=\"widget\" data-widget_type=\"heading.default\">\n\t\t\t\t<div class=\"elementor-widget-container\">\n\t\t\t\t\t<h2 class=\"elementor-heading-title elementor-size-default\">Remarque g\u00e9n\u00e9rale<\/h2>\t\t\t\t<\/div>\n\t\t\t\t<\/div>\n\t\t\t\t<div class=\"elementor-element elementor-element-c5fa60e elementor-widget elementor-widget-text-editor\" data-id=\"c5fa60e\" data-element_type=\"widget\" data-e-type=\"widget\" data-widget_type=\"text-editor.default\">\n\t\t\t\t<div class=\"elementor-widget-container\">\n\t\t\t\t\t\t\t\t\t<p>En vertu de l&rsquo;article 13 de la Constitution f\u00e9d\u00e9rale suisse et des dispositions f\u00e9d\u00e9rales relatives \u00e0 la protection des donn\u00e9es (loi sur la protection des donn\u00e9es, LPD), toute personne a droit \u00e0 la protection de sa sph\u00e8re priv\u00e9e ainsi qu&rsquo;\u00e0 la protection contre l&#8217;emploi abusif de ses donn\u00e9es personnelles. Les exploitants de ces pages prennent la protection de vos donn\u00e9es personnelles tr\u00e8s au s\u00e9rieux. Nous traitons vos donn\u00e9es personnelles de mani\u00e8re confidentielle et conform\u00e9ment aux dispositions l\u00e9gales en mati\u00e8re de protection des donn\u00e9es et \u00e0 la pr\u00e9sente d\u00e9claration de confidentialit\u00e9.<\/p>\n<p>En collaboration avec nos fournisseurs d&rsquo;h\u00e9bergement, nous nous effor\u00e7ons de prot\u00e9ger autant que possible les bases de donn\u00e9es contre les acc\u00e8s \u00e9trangers, les pertes, les abus ou les falsifications.<\/p>\n<p>Nous attirons votre attention sur le fait que la transmission de donn\u00e9es sur Internet (par ex. lors de la communication par e-mail) peut pr\u00e9senter des failles de s\u00e9curit\u00e9. Une protection compl\u00e8te des donn\u00e9es contre l&rsquo;acc\u00e8s par des tiers n&rsquo;est pas possible.<\/p>\n<p>En utilisant ce site web, vous acceptez la collecte, le traitement et l&rsquo;utilisation de donn\u00e9es conform\u00e9ment \u00e0 la description ci-dessous. Ce site web peut en principe \u00eatre visit\u00e9 sans enregistrement. Les donn\u00e9es telles que les pages appel\u00e9es ou le nom du fichier consult\u00e9, la date et l&rsquo;heure sont enregistr\u00e9es sur le serveur \u00e0 des fins statistiques, sans que ces donn\u00e9es ne soient directement li\u00e9es \u00e0 votre personne. Les donn\u00e9es personnelles, notamment le nom, l&rsquo;adresse ou l&rsquo;adresse e-mail, sont collect\u00e9es, dans la mesure du possible, sur une base volontaire. Sans votre consentement, les donn\u00e9es ne seront pas transmises \u00e0 des tiers.<\/p>\n\t\t\t\t\t\t\t\t<\/div>\n\t\t\t\t<\/div>\n\t\t\t\t<div class=\"elementor-element elementor-element-8e2b753 elementor-widget elementor-widget-heading\" data-id=\"8e2b753\" data-element_type=\"widget\" data-e-type=\"widget\" data-widget_type=\"heading.default\">\n\t\t\t\t<div class=\"elementor-widget-container\">\n\t\t\t\t\t<h2 class=\"elementor-heading-title elementor-size-default\">Traitement des donn\u00e9es personnelles<\/h2>\t\t\t\t<\/div>\n\t\t\t\t<\/div>\n\t\t\t\t<div class=\"elementor-element elementor-element-981f93c elementor-widget elementor-widget-text-editor\" data-id=\"981f93c\" data-element_type=\"widget\" data-e-type=\"widget\" data-widget_type=\"text-editor.default\">\n\t\t\t\t<div class=\"elementor-widget-container\">\n\t\t\t\t\t\t\t\t\t<p>Les donn\u00e9es personnelles sont toutes les informations qui se rapportent \u00e0 une personne identifi\u00e9e ou identifiable. Une personne concern\u00e9e est une personne au sujet de laquelle des donn\u00e9es personnelles sont trait\u00e9es. Le traitement comprend toute manipulation de donn\u00e9es personnelles, quels que soient les moyens et proc\u00e9d\u00e9s utilis\u00e9s, notamment la conservation, la communication, la collecte, l&rsquo;effacement, la sauvegarde, la modification, la destruction et l&rsquo;utilisation de donn\u00e9es personnelles.<\/p>\n<p>Nous traitons les donn\u00e9es personnelles conform\u00e9ment \u00e0 la l\u00e9gislation suisse en mati\u00e8re de protection des donn\u00e9es. Par ailleurs, nous traitons &#8211; dans la mesure o\u00f9 le RGPD de l&rsquo;UE est applicable &#8211; les donn\u00e9es personnelles conform\u00e9ment aux bases juridiques suivantes en relation avec l&rsquo;art. 6, al. 1 RGPD :<\/p>\n<ul>\n<li><strong>Consentement (art. 6, par. 1, p. 1, let. a. RGPD)<\/strong> &#8211; La personne concern\u00e9e a donn\u00e9 son consentement au traitement des donn\u00e9es \u00e0 caract\u00e8re personnel la concernant pour une ou plusieurs finalit\u00e9s d\u00e9termin\u00e9es.<\/li>\n<li><strong>Ex\u00e9cution d&rsquo;un contrat et demandes pr\u00e9contractuelles (art. 6, par. 1, p. 1, let. b. RGPD)<\/strong> &#8211; Le traitement est n\u00e9cessaire \u00e0 l&rsquo;ex\u00e9cution d&rsquo;un contrat auquel la personne concern\u00e9e est partie ou \u00e0 l&rsquo;ex\u00e9cution de mesures pr\u00e9contractuelles prises \u00e0 la demande de la personne concern\u00e9e.<\/li>\n<li><strong>Obligation l\u00e9gale (art. 6, par. 1, p. 1, let. c. RGPD)<\/strong> &#8211; Le traitement est n\u00e9cessaire au respect d&rsquo;une obligation l\u00e9gale \u00e0 laquelle le responsable est soumis.<\/li>\n<li><strong>Protection des int\u00e9r\u00eats vitaux (art. 6, par. 1, p. 1, let. d. RGPD)<\/strong> &#8211; Le traitement est n\u00e9cessaire \u00e0 la sauvegarde des int\u00e9r\u00eats vitaux de la personne concern\u00e9e ou d&rsquo;une autre personne physique.<\/li>\n<li><strong>Int\u00e9r\u00eats l\u00e9gitimes (article 6, paragraphe 1, phrase 1, point f. du RGPD)<\/strong> &#8211; Le traitement est n\u00e9cessaire aux fins des int\u00e9r\u00eats l\u00e9gitimes poursuivis par le responsable du traitement ou par un tiers, \u00e0 moins que ne pr\u00e9valent les int\u00e9r\u00eats ou les libert\u00e9s et droits fondamentaux de la personne concern\u00e9e qui exigent la protection des donn\u00e9es \u00e0 caract\u00e8re personnel.<\/li>\n<li><strong>Proc\u00e9dure de candidature en tant que relation pr\u00e9contractuelle ou contractuelle (art. 9, al. 2, let. b RGPD)<\/strong> &#8211; Si, dans le cadre de la proc\u00e9dure de candidature, des cat\u00e9gories particuli\u00e8res de donn\u00e9es \u00e0 caract\u00e8re personnel au sens de l&rsquo;art. 9, al. 1 RGPD (par exemple, des donn\u00e9es relatives \u00e0 la sant\u00e9, telles que le fait d&rsquo;\u00eatre lourdement handicap\u00e9 ou l&rsquo;origine ethnique) sont demand\u00e9es aux candidats afin que le responsable du traitement ou la personne concern\u00e9e puisse exercer les droits qui lui sont conf\u00e9r\u00e9s par le droit du travail et le droit de la s\u00e9curit\u00e9 sociale et de la protection sociale et remplir ses obligations \u00e0 cet \u00e9gard, leur traitement est effectu\u00e9 conform\u00e9ment \u00e0 l&rsquo;article 9, paragraphe 1, du RGPD. 2 lit. b. RGPD, en cas de protection des int\u00e9r\u00eats vitaux des candidats ou d&rsquo;autres personnes conform\u00e9ment \u00e0 l&rsquo;art. Art. 9 al. 2 lit. c. RGPD ou \u00e0 des fins de pr\u00e9vention sanitaire ou de m\u00e9decine du travail, d&rsquo;\u00e9valuation de la capacit\u00e9 de travail de l&#8217;employ\u00e9, de diagnostic m\u00e9dical, de soins ou de traitement dans le domaine de la sant\u00e9 ou de l&rsquo;action sociale, ou de gestion de syst\u00e8mes et de services dans le domaine de la sant\u00e9 ou de l&rsquo;action sociale conform\u00e9ment \u00e0 l&rsquo;article 6, paragraphe 2, du RGPD. Art. 9 al. 2 lit. h. RGPD. En cas de communication de cat\u00e9gories particuli\u00e8res de donn\u00e9es sur la base d&rsquo;un consentement volontaire, leur traitement est effectu\u00e9 sur la base de l&rsquo;article 9, paragraphe 1, de la loi sur la protection des donn\u00e9es. 2 lit. a. RGPD.<\/li>\n<\/ul>\n<p>Nous traitons les donn\u00e9es personnelles pendant la dur\u00e9e n\u00e9cessaire \u00e0 l&rsquo;objectif ou aux objectifs en question. En cas d&rsquo;obligation de conservation de longue dur\u00e9e en raison d&rsquo;obligations l\u00e9gales ou autres auxquelles nous sommes soumis, nous limitons le traitement en cons\u00e9quence.<\/p>\n\t\t\t\t\t\t\t\t<\/div>\n\t\t\t\t<\/div>\n\t\t\t\t<div class=\"elementor-element elementor-element-5bead31 elementor-widget elementor-widget-heading\" data-id=\"5bead31\" data-element_type=\"widget\" data-e-type=\"widget\" data-widget_type=\"heading.default\">\n\t\t\t\t<div class=\"elementor-widget-container\">\n\t\t\t\t\t<h2 class=\"elementor-heading-title elementor-size-default\">Bases juridiques d\u00e9terminantes<\/h2>\t\t\t\t<\/div>\n\t\t\t\t<\/div>\n\t\t\t\t<div class=\"elementor-element elementor-element-bbcdb5e elementor-widget elementor-widget-text-editor\" data-id=\"bbcdb5e\" data-element_type=\"widget\" data-e-type=\"widget\" data-widget_type=\"text-editor.default\">\n\t\t\t\t<div class=\"elementor-widget-container\">\n\t\t\t\t\t\t\t\t\t<p>Conform\u00e9ment \u00e0 l&rsquo;article 13 du RGPD, nous vous communiquons les bases juridiques de nos traitements de donn\u00e9es. Si la base juridique n&rsquo;est pas mentionn\u00e9e dans la d\u00e9claration de protection des donn\u00e9es, les dispositions suivantes s&rsquo;appliquent : La base juridique pour l&rsquo;obtention de consentements est l&rsquo;art. 6, al. 1 lit. a et l&rsquo;article 7 du RGPD, la base juridique du traitement pour l&rsquo;ex\u00e9cution de nos prestations et la mise en \u0153uvre de mesures contractuelles ainsi que la r\u00e9ponse \u00e0 des demandes est l&rsquo;article 6, paragraphe 1, du RGPD. 1 lit. b RGPD, la base juridique pour le traitement en vue de remplir nos obligations l\u00e9gales est l&rsquo;art. 6, al. 1 lit. c RGPD, et la base juridique du traitement pour la sauvegarde de nos int\u00e9r\u00eats l\u00e9gitimes est l&rsquo;article 6, paragraphe 1, du RGPD. 1 lit. f du RGPD. Dans le cas o\u00f9 les int\u00e9r\u00eats vitaux de la personne concern\u00e9e ou d&rsquo;une autre personne physique rendent n\u00e9cessaire le traitement de donn\u00e9es \u00e0 caract\u00e8re personnel, l&rsquo;article 6, paragraphe 1, de la loi sur la protection des donn\u00e9es s&rsquo;applique. 1 lit. d du RGPD comme base juridique.<\/p>\n\t\t\t\t\t\t\t\t<\/div>\n\t\t\t\t<\/div>\n\t\t\t\t<div class=\"elementor-element elementor-element-1d988de elementor-widget elementor-widget-heading\" data-id=\"1d988de\" data-element_type=\"widget\" data-e-type=\"widget\" data-widget_type=\"heading.default\">\n\t\t\t\t<div class=\"elementor-widget-container\">\n\t\t\t\t\t<h2 class=\"elementor-heading-title elementor-size-default\">Mesures de s\u00e9curit\u00e9<\/h2>\t\t\t\t<\/div>\n\t\t\t\t<\/div>\n\t\t\t\t<div class=\"elementor-element elementor-element-25d1e88 elementor-widget elementor-widget-text-editor\" data-id=\"25d1e88\" data-element_type=\"widget\" data-e-type=\"widget\" data-widget_type=\"text-editor.default\">\n\t\t\t\t<div class=\"elementor-widget-container\">\n\t\t\t\t\t\t\t\t\t<p>Nous prenons les mesures techniques et organisationnelles appropri\u00e9es, conform\u00e9ment aux exigences l\u00e9gales, en tenant compte de l&rsquo;\u00e9tat de l&rsquo;art, des co\u00fbts de mise en \u0153uvre et de la nature, de la port\u00e9e, des circonstances et des finalit\u00e9s du traitement, ainsi que des diff\u00e9rentes probabilit\u00e9s de survenance et du degr\u00e9 de menace pour les droits et libert\u00e9s des personnes physiques, afin de garantir un niveau de protection adapt\u00e9 au risque.<\/p>\n<p>Les mesures consistent notamment \u00e0 assurer la confidentialit\u00e9, l&rsquo;int\u00e9grit\u00e9 et la disponibilit\u00e9 des donn\u00e9es en contr\u00f4lant l&rsquo;acc\u00e8s physique et \u00e9lectronique aux donn\u00e9es ainsi que l&rsquo;acc\u00e8s, la saisie, la transmission, la disponibilit\u00e9 et la s\u00e9paration des donn\u00e9es. En outre, nous avons mis en place des proc\u00e9dures pour garantir l&rsquo;exercice des droits des personnes concern\u00e9es, l&rsquo;effacement des donn\u00e9es et les r\u00e9actions en cas de risque pour les donn\u00e9es. En outre, nous tenons compte de la protection des donn\u00e9es personnelles d\u00e8s le d\u00e9veloppement ou le choix du mat\u00e9riel, des logiciels et des proc\u00e9dures conform\u00e9ment au principe de la protection des donn\u00e9es, par la conception technique et par des param\u00e8tres par d\u00e9faut favorables \u00e0 la protection des donn\u00e9es.<\/p>\n\t\t\t\t\t\t\t\t<\/div>\n\t\t\t\t<\/div>\n\t\t\t\t<div class=\"elementor-element elementor-element-4494033 elementor-widget elementor-widget-heading\" data-id=\"4494033\" data-element_type=\"widget\" data-e-type=\"widget\" data-widget_type=\"heading.default\">\n\t\t\t\t<div class=\"elementor-widget-container\">\n\t\t\t\t\t<h2 class=\"elementor-heading-title elementor-size-default\">Transmission de donn\u00e9es \u00e0 caract\u00e8re personnel<\/h2>\t\t\t\t<\/div>\n\t\t\t\t<\/div>\n\t\t\t\t<div class=\"elementor-element elementor-element-35998f7 elementor-widget elementor-widget-text-editor\" data-id=\"35998f7\" data-element_type=\"widget\" data-e-type=\"widget\" data-widget_type=\"text-editor.default\">\n\t\t\t\t<div class=\"elementor-widget-container\">\n\t\t\t\t\t\t\t\t\t<p>Dans le cadre de notre traitement des donn\u00e9es \u00e0 caract\u00e8re personnel, il peut arriver que les donn\u00e9es soient transmises \u00e0 d&rsquo;autres organismes, entreprises, unit\u00e9s organisationnelles juridiquement ind\u00e9pendantes ou personnes, ou qu&rsquo;elles leur soient divulgu\u00e9es. Les destinataires de ces donn\u00e9es peuvent \u00eatre, par exemple, des prestataires de services charg\u00e9s de t\u00e2ches informatiques ou des fournisseurs de services et de contenus int\u00e9gr\u00e9s \u00e0 un site web. Dans ce cas, nous respectons les dispositions l\u00e9gales et concluons notamment les contrats ou accords correspondants avec les destinataires de vos donn\u00e9es, qui servent \u00e0 les prot\u00e9ger.<\/p>\n\t\t\t\t\t\t\t\t<\/div>\n\t\t\t\t<\/div>\n\t\t\t\t<div class=\"elementor-element elementor-element-711a86e elementor-widget elementor-widget-heading\" data-id=\"711a86e\" data-element_type=\"widget\" data-e-type=\"widget\" data-widget_type=\"heading.default\">\n\t\t\t\t<div class=\"elementor-widget-container\">\n\t\t\t\t\t<h2 class=\"elementor-heading-title elementor-size-default\">Traitement des donn\u00e9es dans les pays tiers<\/h2>\t\t\t\t<\/div>\n\t\t\t\t<\/div>\n\t\t\t\t<div class=\"elementor-element elementor-element-e0f3b07 elementor-widget elementor-widget-text-editor\" data-id=\"e0f3b07\" data-element_type=\"widget\" data-e-type=\"widget\" data-widget_type=\"text-editor.default\">\n\t\t\t\t<div class=\"elementor-widget-container\">\n\t\t\t\t\t\t\t\t\t<p>Si nous traitons des donn\u00e9es dans un pays tiers (c&rsquo;est-\u00e0-dire en dehors de l&rsquo;Union europ\u00e9enne (UE), de l&rsquo;Espace \u00e9conomique europ\u00e9en (EEE)) ou si le traitement a lieu dans le cadre de l&rsquo;utilisation de services de tiers ou de la divulgation ou de la transmission de donn\u00e9es \u00e0 d&rsquo;autres personnes, services ou entreprises, cela ne se fait qu&rsquo;en conformit\u00e9 avec les dispositions l\u00e9gales.<\/p>\n<p>Sous r\u00e9serve d&rsquo;un consentement explicite ou d&rsquo;un transfert requis par contrat ou par la loi, nous ne traitons les donn\u00e9es que dans des pays tiers disposant d&rsquo;un niveau de protection des donn\u00e9es reconnu, d&rsquo;une obligation contractuelle par le biais de clauses de protection standard de la Commission europ\u00e9enne, de l&rsquo;existence de certifications ou de r\u00e8gles internes contraignantes en mati\u00e8re de protection des donn\u00e9es (art. 44 \u00e0 49 RGPD, page d&rsquo;information de la Commission europ\u00e9enne <a href=\"https:\/\/ec.europa.eu\/info\/law\/law-topic\/data-protection\/international-dimension-data-protection_de\" target=\"_blank\" rel=\"noopener\">: https:\/\/ec.europa.eu\/info\/law\/law-topic\/data-protection\/international-dimension-data-protection_de)<\/a>.<\/p>\n\t\t\t\t\t\t\t\t<\/div>\n\t\t\t\t<\/div>\n\t\t\t\t<div class=\"elementor-element elementor-element-b6bf54d elementor-widget elementor-widget-heading\" data-id=\"b6bf54d\" data-element_type=\"widget\" data-e-type=\"widget\" data-widget_type=\"heading.default\">\n\t\t\t\t<div class=\"elementor-widget-container\">\n\t\t\t\t\t<h2 class=\"elementor-heading-title elementor-size-default\">D\u00e9claration de confidentialit\u00e9 pour les cookies<\/h2>\t\t\t\t<\/div>\n\t\t\t\t<\/div>\n\t\t\t\t<div class=\"elementor-element elementor-element-e68ab5b elementor-widget elementor-widget-text-editor\" data-id=\"e68ab5b\" data-element_type=\"widget\" data-e-type=\"widget\" data-widget_type=\"text-editor.default\">\n\t\t\t\t<div class=\"elementor-widget-container\">\n\t\t\t\t\t\t\t\t\t<p>Ce site utilise des cookies. Les cookies sont des fichiers texte qui contiennent des donn\u00e9es relatives aux sites ou domaines visit\u00e9s et qui sont stock\u00e9s par un navigateur sur l&rsquo;ordinateur de l&rsquo;utilisateur. Un cookie sert en premier lieu \u00e0 enregistrer les informations relatives \u00e0 un utilisateur pendant ou apr\u00e8s sa visite au sein d&rsquo;une offre en ligne. Les informations enregistr\u00e9es peuvent inclure, par exemple, les param\u00e8tres de langue sur un site web, le statut de connexion, un panier d&rsquo;achat ou l&rsquo;endroit o\u00f9 une vid\u00e9o a \u00e9t\u00e9 regard\u00e9e. Nous incluons \u00e9galement dans la notion de cookies d&rsquo;autres technologies qui remplissent les m\u00eames fonctions que les cookies (par exemple, lorsque les donn\u00e9es des utilisateurs sont enregistr\u00e9es \u00e0 l&rsquo;aide d&rsquo;identifiants en ligne pseudonymes, \u00e9galement appel\u00e9s \u00ab\u00a0identifiants utilisateur\u00a0\u00bb).<\/p>\n<p>On distingue les types de cookies et les fonctions suivants :<\/p>\n<ul>\n<li>Les <strong>cookies temporaires (\u00e9galement appel\u00e9s cookies de session)<\/strong>: Les cookies temporaires sont supprim\u00e9s au plus tard apr\u00e8s qu&rsquo;un utilisateur a quitt\u00e9 une offre en ligne et ferm\u00e9 son navigateur.<\/li>\n<li><strong>Cookies permanents<\/strong>: les cookies permanents restent enregistr\u00e9s m\u00eame apr\u00e8s la fermeture du navigateur. Par exemple, le statut de connexion peut \u00eatre enregistr\u00e9 ou les contenus pr\u00e9f\u00e9r\u00e9s peuvent \u00eatre directement affich\u00e9s lorsque l&rsquo;utilisateur revient sur un site web. De m\u00eame, les int\u00e9r\u00eats des utilisateurs utilis\u00e9s pour mesurer la port\u00e9e ou \u00e0 des fins de marketing peuvent \u00eatre enregistr\u00e9s dans un tel cookie.<\/li>\n<li><strong>Cookies de premi\u00e8re partie<\/strong>: les cookies de premi\u00e8re partie sont d\u00e9finis par nous-m\u00eames.<\/li>\n<li><strong>Cookies de tiers (\u00e9galement appel\u00e9s cookies tiers)<\/strong>: Les cookies tiers sont principalement utilis\u00e9s par des annonceurs (appel\u00e9s tiers) pour traiter les informations des utilisateurs.<\/li>\n<li><strong>Cookies n\u00e9cessaires (\u00e9galement appel\u00e9s cookies essentiels ou strictement n\u00e9cessaires)<\/strong>: les cookies peuvent d&rsquo;une part \u00eatre strictement n\u00e9cessaires au fonctionnement d&rsquo;un site web (par exemple pour enregistrer les identifiants ou d&rsquo;autres donn\u00e9es saisies par l&rsquo;utilisateur ou pour des raisons de s\u00e9curit\u00e9).<\/li>\n<li><strong>Cookies de statistiques, de marketing et de personnalisation<\/strong>: en outre, les cookies sont \u00e9galement utilis\u00e9s en r\u00e8gle g\u00e9n\u00e9rale dans le cadre de la mesure d&rsquo;audience ainsi que lorsque les int\u00e9r\u00eats d&rsquo;un utilisateur ou son comportement (par ex. consultation de certains contenus, utilisation de certaines fonctions, etc.) sont enregistr\u00e9s sur des pages web individuelles dans un profil d&rsquo;utilisateur. De tels profils servent par exemple \u00e0 afficher aux utilisateurs des contenus qui correspondent \u00e0 leurs int\u00e9r\u00eats potentiels. Ce proc\u00e9d\u00e9 est \u00e9galement appel\u00e9 \u00ab\u00a0tracking\u00a0\u00bb, c&rsquo;est-\u00e0-dire suivi des int\u00e9r\u00eats potentiels des utilisateurs. Si nous utilisons des cookies ou des technologies de \u00ab\u00a0tracking\u00a0\u00bb, nous vous en informons s\u00e9par\u00e9ment dans notre d\u00e9claration de protection des donn\u00e9es ou dans le cadre de la demande de consentement.<\/li>\n<\/ul>\n<p>Remarques sur les bases juridiques : la base juridique sur laquelle nous traitons vos donn\u00e9es \u00e0 caract\u00e8re personnel \u00e0 l&rsquo;aide de cookies d\u00e9pend de la question de savoir si nous vous demandons votre consentement. Si tel est le cas et que vous consentez \u00e0 l&rsquo;utilisation de cookies, la base juridique du traitement de vos donn\u00e9es est le consentement d\u00e9clar\u00e9. Dans le cas contraire, les donn\u00e9es trait\u00e9es \u00e0 l&rsquo;aide de cookies sont trait\u00e9es sur la base de nos int\u00e9r\u00eats l\u00e9gitimes (par exemple, l&rsquo;exploitation commerciale de notre offre en ligne et son am\u00e9lioration) ou, si l&rsquo;utilisation de cookies est n\u00e9cessaire, pour remplir nos obligations contractuelles.<\/p>\n<p>Dur\u00e9e de stockage : dans la mesure o\u00f9 nous ne vous communiquons pas d&rsquo;informations explicites sur la dur\u00e9e de stockage des cookies permanents (par exemple dans le cadre d&rsquo;un cookie opt-in), veuillez consid\u00e9rer que la dur\u00e9e de stockage peut aller jusqu&rsquo;\u00e0 deux ans.<\/p>\n<p>Informations g\u00e9n\u00e9rales sur la r\u00e9vocation et l&rsquo;opposition (opt-out) : Selon que le traitement est effectu\u00e9 sur la base d&rsquo;un consentement ou d&rsquo;une autorisation l\u00e9gale, vous avez \u00e0 tout moment la possibilit\u00e9 de r\u00e9voquer un consentement donn\u00e9 ou de vous opposer au traitement de vos donn\u00e9es par les technologies de cookies (d\u00e9sign\u00e9 collectivement par le terme \u00ab\u00a0opt-out\u00a0\u00bb). Vous pouvez tout d&rsquo;abord faire part de votre opposition au moyen des param\u00e8tres de votre navigateur, par exemple en d\u00e9sactivant l&rsquo;utilisation de cookies (ce qui peut \u00e9galement limiter le fonctionnement de notre offre en ligne). Une opposition \u00e0 l&rsquo;utilisation de cookies \u00e0 des fins de marketing en ligne peut \u00e9galement \u00eatre d\u00e9clar\u00e9e au moyen d&rsquo;une multitude de services, notamment dans le cas du tracking, via les sites <a href=\"https:\/\/optout.aboutads.info\" target=\"_blank\" rel=\"noopener\">https:\/\/optout.aboutads.info<\/a> et <a href=\"https:\/\/www.youronlinechoices.com\/\" target=\"_blank\" rel=\"noopener\">https:\/\/www.youronlinechoices.com\/<\/a>. En outre, vous pouvez obtenir d&rsquo;autres indications d&rsquo;opposition dans le cadre des indications relatives aux prestataires de services et aux cookies utilis\u00e9s.<\/p>\n<p>Traitement des donn\u00e9es de cookies sur la base d&rsquo;un consentement : Nous utilisons une proc\u00e9dure de gestion du consentement aux cookies dans le cadre de laquelle les consentements des utilisateurs \u00e0 l&rsquo;utilisation de cookies, ou aux traitements et fournisseurs mentionn\u00e9s dans le cadre de la proc\u00e9dure de gestion du consentement aux cookies, peuvent \u00eatre recueillis, g\u00e9r\u00e9s et r\u00e9voqu\u00e9s par les utilisateurs. Dans ce cas, la d\u00e9claration de consentement est enregistr\u00e9e afin de ne pas devoir r\u00e9p\u00e9ter sa demande et de pouvoir prouver le consentement conform\u00e9ment \u00e0 l&rsquo;obligation l\u00e9gale. L&rsquo;enregistrement peut se faire c\u00f4t\u00e9 serveur et\/ou dans un cookie (cookie opt-in, ou \u00e0 l&rsquo;aide de technologies comparables) afin de pouvoir attribuer le consentement \u00e0 un utilisateur ou \u00e0 son appareil. Sous r\u00e9serve d&rsquo;indications individuelles concernant les fournisseurs de services de gestion des cookies, les indications suivantes s&rsquo;appliquent : La dur\u00e9e de conservation du consentement peut aller jusqu&rsquo;\u00e0 deux ans. Dans ce cas, un identifiant pseudonyme de l&rsquo;utilisateur est cr\u00e9\u00e9 et enregistr\u00e9 avec le moment du consentement, des informations sur la port\u00e9e du consentement (par exemple, quelles cat\u00e9gories de cookies et\/ou de fournisseurs de services) ainsi que le navigateur, le syst\u00e8me et le terminal utilis\u00e9.<\/p>\n<ul>\n<li>Types de donn\u00e9es trait\u00e9es : Donn\u00e9es d&rsquo;utilisation (par ex. pages web visit\u00e9es, int\u00e9r\u00eat pour les contenus, temps d&rsquo;acc\u00e8s), m\u00e9tadonn\u00e9es\/donn\u00e9es de communication (par ex. informations sur les appareils, adresses IP).<\/li>\n<li>Les personnes concern\u00e9es : Utilisateurs (par exemple, visiteurs de sites web, utilisateurs de services en ligne).<\/li>\n<li>Bases juridiques : consentement (art. 6, paragraphe 1, phrase 1, point a. RGPD), int\u00e9r\u00eats l\u00e9gitimes (art. 6, paragraphe 1, phrase 1, point f. RGPD).<\/li>\n<\/ul>\n\t\t\t\t\t\t\t\t<\/div>\n\t\t\t\t<\/div>\n\t\t\t\t<div class=\"elementor-element elementor-element-74e3965 elementor-widget elementor-widget-heading\" data-id=\"74e3965\" data-element_type=\"widget\" data-e-type=\"widget\" data-widget_type=\"heading.default\">\n\t\t\t\t<div class=\"elementor-widget-container\">\n\t\t\t\t\t<h2 class=\"elementor-heading-title elementor-size-default\">D\u00e9claration de confidentialit\u00e9 pour le cryptage SSL\/TLS<\/h2>\t\t\t\t<\/div>\n\t\t\t\t<\/div>\n\t\t\t\t<div class=\"elementor-element elementor-element-83425d6 elementor-widget elementor-widget-text-editor\" data-id=\"83425d6\" data-element_type=\"widget\" data-e-type=\"widget\" data-widget_type=\"text-editor.default\">\n\t\t\t\t<div class=\"elementor-widget-container\">\n\t\t\t\t\t\t\t\t\t<p>Pour des raisons de s\u00e9curit\u00e9 et pour prot\u00e9ger la transmission de contenus confidentiels, comme par exemple les demandes que vous nous envoyez en tant qu&rsquo;exploitant du site, ce site utilise un cryptage SSL\/TLS. Vous reconnaissez une connexion crypt\u00e9e au fait que la ligne d&rsquo;adresse du navigateur passe de \u00ab\u00a0http:\/\/\u00a0\u00bb \u00e0 \u00ab\u00a0https:\/\/\u00a0\u00bb et au symbole du cadenas dans la ligne de votre navigateur.<\/p>\n<p>Si le cryptage SSL ou TLS est activ\u00e9, les donn\u00e9es que vous nous transmettez ne peuvent pas \u00eatre lues par des tiers.<\/p>\n\t\t\t\t\t\t\t\t<\/div>\n\t\t\t\t<\/div>\n\t\t\t\t<div class=\"elementor-element elementor-element-b4a324a elementor-widget elementor-widget-heading\" data-id=\"b4a324a\" data-element_type=\"widget\" data-e-type=\"widget\" data-widget_type=\"heading.default\">\n\t\t\t\t<div class=\"elementor-widget-container\">\n\t\t\t\t\t<h2 class=\"elementor-heading-title elementor-size-default\">D\u00e9claration de protection des donn\u00e9es pour les fichiers journaux du serveur<\/h2>\t\t\t\t<\/div>\n\t\t\t\t<\/div>\n\t\t\t\t<div class=\"elementor-element elementor-element-92d09db elementor-widget elementor-widget-text-editor\" data-id=\"92d09db\" data-element_type=\"widget\" data-e-type=\"widget\" data-widget_type=\"text-editor.default\">\n\t\t\t\t<div class=\"elementor-widget-container\">\n\t\t\t\t\t\t\t\t\t<p>Le fournisseur de ce site web collecte et enregistre automatiquement des informations dans ce que l&rsquo;on appelle des fichiers journaux du serveur, que votre navigateur nous transmet automatiquement. Il s&rsquo;agit de<\/p>\n<ul>\n<li>Type et version du navigateur<\/li>\n<li>le syst\u00e8me d&rsquo;exploitation utilis\u00e9<\/li>\n<li>URL de r\u00e9f\u00e9rence<\/li>\n<li>nom d&rsquo;h\u00f4te de l&rsquo;ordinateur qui acc\u00e8de au site<\/li>\n<li>Heure de la demande du serveur<\/li>\n<\/ul>\n<p>Ces donn\u00e9es ne peuvent pas \u00eatre attribu\u00e9es \u00e0 une personne en particulier. Ces donn\u00e9es ne sont pas recoup\u00e9es avec d&rsquo;autres sources de donn\u00e9es. Nous nous r\u00e9servons le droit de v\u00e9rifier ces donn\u00e9es ult\u00e9rieurement si nous avons connaissance d&rsquo;indices concrets d&rsquo;une utilisation ill\u00e9gale.<\/p>\n\t\t\t\t\t\t\t\t<\/div>\n\t\t\t\t<\/div>\n\t\t\t\t<div class=\"elementor-element elementor-element-cada77b elementor-widget elementor-widget-heading\" data-id=\"cada77b\" data-element_type=\"widget\" data-e-type=\"widget\" data-widget_type=\"heading.default\">\n\t\t\t\t<div class=\"elementor-widget-container\">\n\t\t\t\t\t<h2 class=\"elementor-heading-title elementor-size-default\">Services de tiers<\/h2>\t\t\t\t<\/div>\n\t\t\t\t<\/div>\n\t\t\t\t<div class=\"elementor-element elementor-element-5e700a1 elementor-widget elementor-widget-text-editor\" data-id=\"5e700a1\" data-element_type=\"widget\" data-e-type=\"widget\" data-widget_type=\"text-editor.default\">\n\t\t\t\t<div class=\"elementor-widget-container\">\n\t\t\t\t\t\t\t\t\t<p>Ce site web utilise \u00e9ventuellement Google Maps pour l&rsquo;int\u00e9gration de cartes, Google Invisible reCAPTCHA pour la protection contre les robots et les spams ainsi que YouTube pour l&rsquo;int\u00e9gration de vid\u00e9os.<\/p>\n<p>Ces services de la soci\u00e9t\u00e9 am\u00e9ricaine Google LLC utilisent entre autres des cookies et, par cons\u00e9quent, des donn\u00e9es sont transmises \u00e0 Google aux \u00c9tats-Unis, mais nous partons du principe qu&rsquo;aucun suivi personnel n&rsquo;a lieu dans ce cadre du seul fait de l&rsquo;utilisation de notre site Internet.<\/p>\n<p>Google s&rsquo;est engag\u00e9 \u00e0 garantir une protection ad\u00e9quate des donn\u00e9es conform\u00e9ment au Privacy Shield am\u00e9ricano-europ\u00e9en et am\u00e9ricano-suisse.<\/p>\n<p>Pour plus d&rsquo;informations, consultez la <a href=\"https:\/\/policies.google.com\/privacy?hl=de\" target=\"_blank\" rel=\"noopener\">d\u00e9claration de confidentialit\u00e9 de Google<\/a>.<\/p>\n\t\t\t\t\t\t\t\t<\/div>\n\t\t\t\t<\/div>\n\t\t\t\t<div class=\"elementor-element elementor-element-08797b5 elementor-widget elementor-widget-heading\" data-id=\"08797b5\" data-element_type=\"widget\" data-e-type=\"widget\" data-widget_type=\"heading.default\">\n\t\t\t\t<div class=\"elementor-widget-container\">\n\t\t\t\t\t<h2 class=\"elementor-heading-title elementor-size-default\">D\u00e9claration de confidentialit\u00e9 pour le formulaire de contact<\/h2>\t\t\t\t<\/div>\n\t\t\t\t<\/div>\n\t\t\t\t<div class=\"elementor-element elementor-element-bf56e30 elementor-widget elementor-widget-text-editor\" data-id=\"bf56e30\" data-element_type=\"widget\" data-e-type=\"widget\" data-widget_type=\"text-editor.default\">\n\t\t\t\t<div class=\"elementor-widget-container\">\n\t\t\t\t\t\t\t\t\t<p>Si vous nous faites parvenir des demandes par le biais du formulaire de contact, les informations que vous avez fournies dans le formulaire de demande, y compris les donn\u00e9es de contact que vous y avez indiqu\u00e9es, sont enregistr\u00e9es chez nous \u00e0 des fins de traitement de la demande et en cas de questions de suivi. Nous ne transmettons pas ces donn\u00e9es sans votre consentement.<\/p>\n\t\t\t\t\t\t\t\t<\/div>\n\t\t\t\t<\/div>\n\t\t\t\t<div class=\"elementor-element elementor-element-b2b9920 elementor-widget elementor-widget-heading\" data-id=\"b2b9920\" data-element_type=\"widget\" data-e-type=\"widget\" data-widget_type=\"heading.default\">\n\t\t\t\t<div class=\"elementor-widget-container\">\n\t\t\t\t\t<h2 class=\"elementor-heading-title elementor-size-default\">D\u00e9claration de confidentialit\u00e9 pour les donn\u00e9es de la newsletter<\/h2>\t\t\t\t<\/div>\n\t\t\t\t<\/div>\n\t\t\t\t<div class=\"elementor-element elementor-element-47b1ddd elementor-widget elementor-widget-text-editor\" data-id=\"47b1ddd\" data-element_type=\"widget\" data-e-type=\"widget\" data-widget_type=\"text-editor.default\">\n\t\t\t\t<div class=\"elementor-widget-container\">\n\t\t\t\t\t\t\t\t\t<p>Si vous souhaitez recevoir la newsletter propos\u00e9e sur ce site, nous avons besoin d&rsquo;une adresse e-mail ainsi que d&rsquo;informations qui nous permettent de v\u00e9rifier que vous \u00eates bien le propri\u00e9taire de l&rsquo;adresse e-mail indiqu\u00e9e et que vous acceptez de recevoir la newsletter. Aucune autre donn\u00e9e n&rsquo;est collect\u00e9e. Nous utilisons ces donn\u00e9es exclusivement pour l&rsquo;envoi des informations demand\u00e9es et ne les transmettons pas \u00e0 des tiers.<\/p>\n<p>Vous pouvez \u00e0 tout moment r\u00e9voquer votre consentement \u00e0 l&rsquo;enregistrement des donn\u00e9es, de l&rsquo;adresse e-mail et de leur utilisation pour l&rsquo;envoi de la newsletter, par exemple en cliquant sur le lien \u00ab\u00a0se d\u00e9sinscrire\u00a0\u00bb de la newsletter.<\/p>\n\t\t\t\t\t\t\t\t<\/div>\n\t\t\t\t<\/div>\n\t\t\t\t<div class=\"elementor-element elementor-element-af76fef elementor-widget elementor-widget-heading\" data-id=\"af76fef\" data-element_type=\"widget\" data-e-type=\"widget\" data-widget_type=\"heading.default\">\n\t\t\t\t<div class=\"elementor-widget-container\">\n\t\t\t\t\t<h2 class=\"elementor-heading-title elementor-size-default\">Droits des personnes concern\u00e9es<\/h2>\t\t\t\t<\/div>\n\t\t\t\t<\/div>\n\t\t\t\t<div class=\"elementor-element elementor-element-4bb198e elementor-widget elementor-widget-text-editor\" data-id=\"4bb198e\" data-element_type=\"widget\" data-e-type=\"widget\" data-widget_type=\"text-editor.default\">\n\t\t\t\t<div class=\"elementor-widget-container\">\n\t\t\t\t\t\t\t\t\t<p><strong>Droit \u00e0 la confirmation<\/strong><\/p>\n<p>Toute personne concern\u00e9e a le droit de demander \u00e0 l&rsquo;exploitant du site web de confirmer si des donn\u00e9es \u00e0 caract\u00e8re personnel la concernant sont trait\u00e9es. Si vous souhaitez faire usage de ce droit de confirmation, vous pouvez vous adresser \u00e0 tout moment au d\u00e9l\u00e9gu\u00e9 \u00e0 la protection des donn\u00e9es.<\/p>\n<p><strong>Droit \u00e0 l&rsquo;information<\/strong><\/p>\n<p>Toute personne concern\u00e9e par le traitement de donn\u00e9es \u00e0 caract\u00e8re personnel a le droit d&rsquo;obtenir \u00e0 tout moment de l&rsquo;exploitant de ce site web des informations gratuites sur les donn\u00e9es \u00e0 caract\u00e8re personnel enregistr\u00e9es \u00e0 son sujet ainsi qu&rsquo;une copie de ces informations. En outre, les informations suivantes peuvent \u00eatre fournies, le cas \u00e9ch\u00e9ant :<\/p>\n<ul>\n<li>les finalit\u00e9s du traitement<\/li>\n<li>les cat\u00e9gories de donn\u00e9es \u00e0 caract\u00e8re personnel trait\u00e9es<\/li>\n<li>les destinataires auxquels les donn\u00e9es \u00e0 caract\u00e8re personnel ont \u00e9t\u00e9 ou seront divulgu\u00e9es<\/li>\n<li>si possible, la dur\u00e9e pr\u00e9vue de conservation des donn\u00e9es \u00e0 caract\u00e8re personnel ou, si cela n&rsquo;est pas possible, les crit\u00e8res de d\u00e9termination de cette dur\u00e9e<\/li>\n<li>l&rsquo;existence d&rsquo;un droit de rectification ou d&rsquo;effacement des donn\u00e9es \u00e0 caract\u00e8re personnel la concernant ou d&rsquo;un droit \u00e0 la limitation du traitement par le responsable du traitement ou d&rsquo;un droit d&rsquo;opposition \u00e0 ce traitement<\/li>\n<li>l&rsquo;existence d&rsquo;un droit de recours aupr\u00e8s d&rsquo;une autorit\u00e9 de surveillance<\/li>\n<li>lorsque les donn\u00e9es \u00e0 caract\u00e8re personnel ne sont pas collect\u00e9es aupr\u00e8s de la personne concern\u00e9e : toutes les informations disponibles sur l&rsquo;origine des donn\u00e9es<\/li>\n<\/ul>\n<p>En outre, la personne concern\u00e9e dispose d&rsquo;un droit d&rsquo;information pour savoir si des donn\u00e9es \u00e0 caract\u00e8re personnel ont \u00e9t\u00e9 transmises \u00e0 un pays tiers ou \u00e0 une organisation internationale. Si tel est le cas, la personne concern\u00e9e a par ailleurs le droit d&rsquo;obtenir des informations sur les garanties appropri\u00e9es en rapport avec le transfert.<\/p>\n<p>Si vous souhaitez faire usage de ce droit d&rsquo;acc\u00e8s, vous pouvez vous adresser \u00e0 tout moment \u00e0 notre responsable de la protection des donn\u00e9es.<\/p>\n<p><strong>Droit de rectification<\/strong><\/p>\n<p>Toute personne concern\u00e9e par le traitement de donn\u00e9es \u00e0 caract\u00e8re personnel a le droit d&rsquo;obtenir sans d\u00e9lai la rectification des donn\u00e9es \u00e0 caract\u00e8re personnel inexactes la concernant. En outre, la personne concern\u00e9e a le droit, compte tenu des finalit\u00e9s du traitement, d&rsquo;obtenir que les donn\u00e9es \u00e0 caract\u00e8re personnel incompl\u00e8tes soient compl\u00e9t\u00e9es, y compris par une d\u00e9claration compl\u00e9mentaire.<\/p>\n<p>Si vous souhaitez faire usage de ce droit de rectification, vous pouvez vous adresser \u00e0 tout moment \u00e0 notre responsable de la protection des donn\u00e9es.<\/p>\n<p><strong>Droit \u00e0 l&rsquo;effacement (droit \u00e0 l&rsquo;oubli)<\/strong><\/p>\n<p>Toute personne concern\u00e9e par le traitement de donn\u00e9es \u00e0 caract\u00e8re personnel a le droit d&rsquo;obtenir du responsable de ce site web que les donn\u00e9es \u00e0 caract\u00e8re personnel la concernant soient imm\u00e9diatement effac\u00e9es, dans la mesure o\u00f9 l&rsquo;une des raisons suivantes s&rsquo;applique et o\u00f9 le traitement n&rsquo;est pas n\u00e9cessaire :<\/p>\n<ul>\n<li>les donn\u00e9es \u00e0 caract\u00e8re personnel ont \u00e9t\u00e9 collect\u00e9es ou trait\u00e9es d&rsquo;une autre mani\u00e8re \u00e0 des fins pour lesquelles elles ne sont plus n\u00e9cessaires<\/li>\n<li>la personne concern\u00e9e retire le consentement sur lequel \u00e9tait fond\u00e9 le traitement et il n&rsquo;existe pas d&rsquo;autre base juridique pour le traitement<\/li>\n<li>la personne concern\u00e9e s&rsquo;oppose au traitement pour des raisons tenant \u00e0 sa situation particuli\u00e8re et il n&rsquo;existe pas de motifs l\u00e9gitimes pr\u00e9pond\u00e9rants pour le traitement, ou la personne concern\u00e9e s&rsquo;oppose au traitement en cas de publicit\u00e9 directe et de profilage y aff\u00e9rent<\/li>\n<li>Les donn\u00e9es \u00e0 caract\u00e8re personnel ont \u00e9t\u00e9 trait\u00e9es ill\u00e9galement<\/li>\n<li>l&rsquo;effacement des donn\u00e9es \u00e0 caract\u00e8re personnel est n\u00e9cessaire pour respecter une obligation l\u00e9gale d\u00e9coulant du droit de l&rsquo;Union ou du droit des \u00c9tats membres auquel le responsable est soumis<\/li>\n<li>Les donn\u00e9es \u00e0 caract\u00e8re personnel ont \u00e9t\u00e9 collect\u00e9es en relation avec des services de la soci\u00e9t\u00e9 de l&rsquo;information offerts directement \u00e0 un enfant.<\/li>\n<\/ul>\n<p>Si l&rsquo;une des raisons susmentionn\u00e9es s&rsquo;applique et que vous souhaitez demander la suppression des donn\u00e9es personnelles enregistr\u00e9es par l&rsquo;exploitant de ce site web, vous pouvez \u00e0 tout moment vous adresser \u00e0 notre responsable de la protection des donn\u00e9es. Le responsable de la protection des donn\u00e9es de ce site web veillera \u00e0 ce que la demande d&rsquo;effacement soit imm\u00e9diatement satisfaite.<\/p>\n<p><strong>Droit \u00e0 la limitation du traitement<\/strong><\/p>\n<p>Toute personne concern\u00e9e par le traitement de donn\u00e9es \u00e0 caract\u00e8re personnel a le droit d&rsquo;obtenir du responsable de ce site web la limitation du traitement si l&rsquo;une des conditions suivantes est remplie :<\/p>\n<ul>\n<li>L&rsquo;exactitude des donn\u00e9es \u00e0 caract\u00e8re personnel est contest\u00e9e par la personne concern\u00e9e pendant une dur\u00e9e permettant au responsable du traitement de v\u00e9rifier l&rsquo;exactitude des donn\u00e9es \u00e0 caract\u00e8re personnel.<\/li>\n<li>le traitement est illicite, la personne concern\u00e9e refuse l&rsquo;effacement des donn\u00e9es \u00e0 caract\u00e8re personnel et demande \u00e0 la place la limitation de l&rsquo;utilisation des donn\u00e9es \u00e0 caract\u00e8re personnel<\/li>\n<li>le responsable du traitement n&rsquo;a plus besoin des donn\u00e9es \u00e0 caract\u00e8re personnel aux fins du traitement, mais la personne concern\u00e9e en a besoin pour faire valoir, exercer ou d\u00e9fendre des droits en justice<\/li>\n<li>la personne concern\u00e9e s&rsquo;est oppos\u00e9e au traitement pour des raisons tenant \u00e0 sa situation particuli\u00e8re et il n&rsquo;est pas encore \u00e9tabli que les motifs l\u00e9gitimes du responsable du traitement pr\u00e9valent sur ceux de la personne concern\u00e9e<\/li>\n<\/ul>\n<p>Si l&rsquo;une des conditions susmentionn\u00e9es est remplie et que vous souhaitez demander la limitation des donn\u00e9es personnelles enregistr\u00e9es par l&rsquo;exploitant de ce site web, vous pouvez vous adresser \u00e0 tout moment \u00e0 notre responsable de la protection des donn\u00e9es. Le responsable de la protection des donn\u00e9es de ce site web fera en sorte de limiter le traitement.<\/p>\n<p><strong>Droit \u00e0 la portabilit\u00e9 des donn\u00e9es<\/strong><\/p>\n<p>Toute personne concern\u00e9e par le traitement de donn\u00e9es \u00e0 caract\u00e8re personnel a le droit de recevoir les donn\u00e9es \u00e0 caract\u00e8re personnel la concernant dans un format structur\u00e9, couramment utilis\u00e9 et lisible par machine. Elle a \u00e9galement le droit de demander que ces donn\u00e9es soient transmises \u00e0 un autre responsable du traitement si les conditions l\u00e9gales sont remplies.<\/p>\n<p>En outre, la personne concern\u00e9e a le droit d&rsquo;obtenir que les donn\u00e9es \u00e0 caract\u00e8re personnel soient transmises directement d&rsquo;un responsable du traitement \u00e0 un autre, lorsque cela est techniquement possible et que cela ne porte pas atteinte aux droits et libert\u00e9s d&rsquo;autres personnes.<\/p>\n<p>Pour faire valoir votre droit \u00e0 la portabilit\u00e9 des donn\u00e9es, vous pouvez \u00e0 tout moment vous adresser au d\u00e9l\u00e9gu\u00e9 \u00e0 la protection des donn\u00e9es d\u00e9sign\u00e9 par l&rsquo;exploitant de ce site web.<\/p>\n<p><strong>Droit d&rsquo;opposition<\/strong><\/p>\n<p>Toute personne concern\u00e9e par le traitement de donn\u00e9es \u00e0 caract\u00e8re personnel a le droit de s&rsquo;opposer \u00e0 tout moment, pour des raisons tenant \u00e0 sa situation particuli\u00e8re, \u00e0 ce que des donn\u00e9es \u00e0 caract\u00e8re personnel la concernant fassent l&rsquo;objet d&rsquo;un traitement.<\/p>\n<p>L&rsquo;exploitant de ce site web ne traite plus les donn\u00e9es \u00e0 caract\u00e8re personnel en cas d&rsquo;opposition, \u00e0 moins que nous puissions prouver qu&rsquo;il existe des motifs l\u00e9gitimes et imp\u00e9rieux pour le traitement qui pr\u00e9valent sur les int\u00e9r\u00eats, les droits et les libert\u00e9s de la personne concern\u00e9e, ou si le traitement sert \u00e0 faire valoir, \u00e0 exercer ou \u00e0 d\u00e9fendre des droits en justice.<\/p>\n<p>Pour exercer votre droit d&rsquo;opposition, vous pouvez vous adresser directement au responsable de la protection des donn\u00e9es de ce site.<\/p>\n<p><strong>Droit de r\u00e9voquer un consentement en mati\u00e8re de protection des donn\u00e9es<\/strong><\/p>\n<p>Toute personne concern\u00e9e par le traitement de donn\u00e9es \u00e0 caract\u00e8re personnel a le droit de r\u00e9voquer \u00e0 tout moment le consentement qu&rsquo;elle a donn\u00e9 au traitement de donn\u00e9es \u00e0 caract\u00e8re personnel.<\/p>\n<p>Si vous souhaitez faire valoir votre droit de r\u00e9vocation d&rsquo;un consentement, vous pouvez vous adresser \u00e0 tout moment \u00e0 notre responsable de la protection des donn\u00e9es.<\/p>\n\t\t\t\t\t\t\t\t<\/div>\n\t\t\t\t<\/div>\n\t\t\t\t<div class=\"elementor-element elementor-element-527585b elementor-widget elementor-widget-heading\" data-id=\"527585b\" data-element_type=\"widget\" data-e-type=\"widget\" data-widget_type=\"heading.default\">\n\t\t\t\t<div class=\"elementor-widget-container\">\n\t\t\t\t\t<h2 class=\"elementor-heading-title elementor-size-default\">Services payants<\/h2>\t\t\t\t<\/div>\n\t\t\t\t<\/div>\n\t\t\t\t<div class=\"elementor-element elementor-element-38e0ed9 elementor-widget elementor-widget-text-editor\" data-id=\"38e0ed9\" data-element_type=\"widget\" data-e-type=\"widget\" data-widget_type=\"text-editor.default\">\n\t\t\t\t<div class=\"elementor-widget-container\">\n\t\t\t\t\t\t\t\t\t<p>Pour la fourniture de prestations payantes, nous demandons des donn\u00e9es suppl\u00e9mentaires, comme par exemple les donn\u00e9es de paiement, afin de pouvoir traiter votre commande ou votre demande. de pouvoir ex\u00e9cuter votre commande. Nous conservons ces donn\u00e9es dans nos syst\u00e8mes jusqu&rsquo;\u00e0 l&rsquo;expiration des d\u00e9lais de conservation l\u00e9gaux.<\/p>\n\t\t\t\t\t\t\t\t<\/div>\n\t\t\t\t<\/div>\n\t\t\t\t<div class=\"elementor-element elementor-element-3d253d5 elementor-widget elementor-widget-heading\" data-id=\"3d253d5\" data-element_type=\"widget\" data-e-type=\"widget\" data-widget_type=\"heading.default\">\n\t\t\t\t<div class=\"elementor-widget-container\">\n\t\t\t\t\t<h2 class=\"elementor-heading-title elementor-size-default\">Utilisation de Google reCAPTCHA<\/h2>\t\t\t\t<\/div>\n\t\t\t\t<\/div>\n\t\t\t\t<div class=\"elementor-element elementor-element-83ef6ff elementor-widget elementor-widget-text-editor\" data-id=\"83ef6ff\" data-element_type=\"widget\" data-e-type=\"widget\" data-widget_type=\"text-editor.default\">\n\t\t\t\t<div class=\"elementor-widget-container\">\n\t\t\t\t\t\t\t\t\t<p>Nous utilisons \u00ab\u00a0Google reCAPTCHA\u00a0\u00bb (ci-apr\u00e8s \u00ab\u00a0reCAPTCHA\u00a0\u00bb) sur nos sites web. Le fournisseur est Google Ireland Limited, Gordon House, Barrow Street, Dublin 4, Irlande, ci-apr\u00e8s \u00ab\u00a0Google\u00a0\u00bb. L&rsquo;objectif de reCAPTCHA est de v\u00e9rifier si la saisie de donn\u00e9es sur nos sites web (par exemple dans un formulaire de contact) est effectu\u00e9e par un \u00eatre humain ou par un programme automatis\u00e9. Pour ce faire, reCAPTCHA analyse le comportement du visiteur du site web \u00e0 l&rsquo;aide de diff\u00e9rentes caract\u00e9ristiques. Cette analyse commence automatiquement d\u00e8s que le visiteur du site web entre sur le site. Pour l&rsquo;analyse, reCAPTCHA \u00e9value diff\u00e9rentes informations (par exemple l&rsquo;adresse IP, le temps pass\u00e9 par le visiteur du site sur le site ou les mouvements de souris effectu\u00e9s par l&rsquo;utilisateur). Les donn\u00e9es collect\u00e9es lors de l&rsquo;analyse sont transmises \u00e0 Google. Les analyses reCAPTCHA s&rsquo;effectuent enti\u00e8rement en arri\u00e8re-plan. Les visiteurs du site web ne sont pas inform\u00e9s qu&rsquo;une analyse est en cours.<\/p>\n<p>Le traitement des donn\u00e9es est effectu\u00e9 sur la base de l&rsquo;art. 6, al. 1 lit. f du RGPD. L&rsquo;exploitant du site web a un int\u00e9r\u00eat l\u00e9gitime \u00e0 prot\u00e9ger ses offres web contre un espionnage automatis\u00e9 abusif et contre le SPAM. Pour plus d&rsquo;informations sur Google reCAPTCHA et la d\u00e9claration de confidentialit\u00e9 de Google, veuillez consulter les liens suivants <a href=\"https:\/\/www.google.com\/intl\/de\/policies\/privacy\/\">: https:\/\/www.google.com\/intl\/de\/policies\/privacy\/<\/a> et <a href=\"https:\/\/policies.google.com\/terms?hl=de\">https:\/\/policies.google.com\/terms?hl=de.<\/a><\/p>\n\t\t\t\t\t\t\t\t<\/div>\n\t\t\t\t<\/div>\n\t\t\t\t<div class=\"elementor-element elementor-element-a74b212 elementor-widget elementor-widget-heading\" data-id=\"a74b212\" data-element_type=\"widget\" data-e-type=\"widget\" data-widget_type=\"heading.default\">\n\t\t\t\t<div class=\"elementor-widget-container\">\n\t\t\t\t\t<h2 class=\"elementor-heading-title elementor-size-default\">D\u00e9claration de confidentialit\u00e9 pour Google Analytics<\/h2>\t\t\t\t<\/div>\n\t\t\t\t<\/div>\n\t\t\t\t<div class=\"elementor-element elementor-element-007a055 elementor-widget elementor-widget-text-editor\" data-id=\"007a055\" data-element_type=\"widget\" data-e-type=\"widget\" data-widget_type=\"text-editor.default\">\n\t\t\t\t<div class=\"elementor-widget-container\">\n\t\t\t\t\t\t\t\t\t<p>Ce site utilise Google Analytics, un service d&rsquo;analyse de site internet fourni par Google Ireland Limited. Si le responsable du traitement des donn\u00e9es sur ce site web est situ\u00e9 en dehors de l&rsquo;Espace \u00e9conomique europ\u00e9en ou de la Suisse, le traitement des donn\u00e9es Google Analytics est effectu\u00e9 par Google LLC. Google LLC et Google Ireland Limited sont ci-apr\u00e8s d\u00e9nomm\u00e9s \u00ab\u00a0Google\u00a0\u00bb.<\/p>\n<p>Les statistiques obtenues nous permettent d&rsquo;am\u00e9liorer notre offre et de la rendre plus int\u00e9ressante pour vous en tant qu&rsquo;utilisateur. Ce site utilise \u00e9galement Google Analytics pour une analyse des flux de visiteurs sur tous les appareils, effectu\u00e9e \u00e0 l&rsquo;aide d&rsquo;un identifiant d&rsquo;utilisateur. Si vous disposez d&rsquo;un compte d&rsquo;utilisateur Google, vous pouvez d\u00e9sactiver l&rsquo;analyse de votre utilisation sur plusieurs appareils dans les param\u00e8tres de ce compte, sous \u00ab\u00a0Mes donn\u00e9es\u00a0\u00bb, \u00ab\u00a0Donn\u00e9es personnelles\u00a0\u00bb.<\/p>\n<p>La base juridique de l&rsquo;utilisation de Google Analytics est l&rsquo;art. 6, al. 1 p. 1 lit. f du RGPD. L&rsquo;adresse IP transmise par votre navigateur dans le cadre de Google Analytics n&rsquo;est pas recoup\u00e9e avec d&rsquo;autres donn\u00e9es de Google. Nous attirons votre attention sur le fait que, sur ce site, Google Analytics a \u00e9t\u00e9 compl\u00e9t\u00e9 par le code \u00ab\u00a0_anonymizeIp() ;\u00a0\u00bb afin de garantir une saisie anonyme des adresses IP. Les adresses IP sont ainsi trait\u00e9es sous forme abr\u00e9g\u00e9e, ce qui permet d&rsquo;exclure tout lien avec des personnes. Dans la mesure o\u00f9 les donn\u00e9es collect\u00e9es vous concernant pr\u00e9sentent un lien avec une personne, celui-ci est donc imm\u00e9diatement exclu et les donn\u00e9es personnelles sont ainsi imm\u00e9diatement effac\u00e9es.<\/p>\n<p>Ce n&rsquo;est que dans des cas exceptionnels que l&rsquo;adresse IP compl\u00e8te est transmise \u00e0 un serveur de Google aux \u00c9tats-Unis et y est raccourcie. Google utilisera ces informations pour le compte de l&rsquo;exploitant de ce site web afin d&rsquo;\u00e9valuer votre utilisation du site web, de compiler des rapports sur les activit\u00e9s du site web et de fournir \u00e0 l&rsquo;exploitant du site web d&rsquo;autres services li\u00e9s \u00e0 l&rsquo;utilisation du site web et d&rsquo;Internet.<\/p>\n<p>Google Analytics utilise des cookies. Les informations g\u00e9n\u00e9r\u00e9es par le cookie concernant votre utilisation de ce site web sont g\u00e9n\u00e9ralement transmises \u00e0 un serveur de Google aux \u00c9tats-Unis et y sont enregistr\u00e9es. Vous pouvez emp\u00eacher l&rsquo;enregistrement des cookies en param\u00e9trant votre logiciel de navigation en cons\u00e9quence ; nous attirons toutefois votre attention sur le fait que, dans ce cas, vous ne pourrez peut-\u00eatre pas utiliser toutes les fonctions de ce site web dans leur int\u00e9gralit\u00e9. Vous pouvez en outre emp\u00eacher la saisie par Google des donn\u00e9es g\u00e9n\u00e9r\u00e9es par le cookie et se rapportant \u00e0 votre utilisation du site web (y compris votre adresse IP) ainsi que le traitement de ces donn\u00e9es par Google en t\u00e9l\u00e9chargeant et en installant le plug-in de navigateur disponible sous le lien suivant : <a href=\"https:\/\/www.swissanwalt.ch\/de\/gaoptout.aspx\" target=\"_blank\" rel=\"noopener\">D\u00e9sactiver Google Analytics<\/a>.<\/p>\n<p>En outre, vous pouvez \u00e9galement emp\u00eacher l&rsquo;utilisation de Google Analytics en cliquant sur ce lien : <a href=\"https:\/\/tools.google.com\/dlpage\/gaoptout?hl=de\" target=\"_blank\" rel=\"noopener\">D\u00e9sactiver Google Analytics<\/a>. Un cookie dit \u00ab\u00a0opt-out\u00a0\u00bb est alors enregistr\u00e9 sur votre support de donn\u00e9es, ce qui emp\u00eache le traitement de vos donn\u00e9es personnelles par Google Analytics. Veuillez noter que si vous supprimez tous les cookies de votre terminal, ces cookies opt-out seront \u00e9galement supprim\u00e9s, c&rsquo;est-\u00e0-dire que vous devrez \u00e0 nouveau placer les cookies opt-out si vous souhaitez continuer \u00e0 emp\u00eacher cette forme de collecte de donn\u00e9es. Les cookies opt-out sont plac\u00e9s par navigateur et par ordinateur\/terminal et doivent donc \u00eatre activ\u00e9s s\u00e9par\u00e9ment pour chaque navigateur, ordinateur ou autre terminal.<\/p>\n\t\t\t\t\t\t\t\t<\/div>\n\t\t\t\t<\/div>\n\t\t\t\t<div class=\"elementor-element elementor-element-212237b elementor-widget elementor-widget-heading\" data-id=\"212237b\" data-element_type=\"widget\" data-e-type=\"widget\" data-widget_type=\"heading.default\">\n\t\t\t\t<div class=\"elementor-widget-container\">\n\t\t\t\t\t<h2 class=\"elementor-heading-title elementor-size-default\">D\u00e9claration de confidentialit\u00e9 pour l'utilisation de Google Web Fonts<\/h2>\t\t\t\t<\/div>\n\t\t\t\t<\/div>\n\t\t\t\t<div class=\"elementor-element elementor-element-9f1a033 elementor-widget elementor-widget-text-editor\" data-id=\"9f1a033\" data-element_type=\"widget\" data-e-type=\"widget\" data-widget_type=\"text-editor.default\">\n\t\t\t\t<div class=\"elementor-widget-container\">\n\t\t\t\t\t\t\t\t\t<p>Ce site web utilise des polices de caract\u00e8res appel\u00e9es Web Fonts, mises \u00e0 disposition par Google, pour une pr\u00e9sentation uniforme des polices de caract\u00e8res. Lorsque vous consultez une page, votre navigateur charge les polices web n\u00e9cessaires dans le cache de votre navigateur afin d&rsquo;afficher correctement les textes et les polices. Si votre navigateur ne supporte pas les polices web, une police standard est utilis\u00e9e par votre ordinateur.<\/p>\n<p>Pour plus d&rsquo;informations sur Google Web Fonts, veuillez consulter <a href=\"https:\/\/developers.google.com\/fonts\/faq\" target=\"_blank\" rel=\"noopener\">le site https:\/\/developers.google.com\/fonts\/faq<\/a> et la d\u00e9claration de confidentialit\u00e9 de Google <a href=\"https:\/\/www.google.com\/policies\/privacy\/\" target=\"_blank\" rel=\"noopener\">: https:\/\/www.google.com\/policies\/privacy\/<\/a><\/p>\n\t\t\t\t\t\t\t\t<\/div>\n\t\t\t\t<\/div>\n\t\t\t\t<div class=\"elementor-element elementor-element-adc30b7 elementor-widget elementor-widget-heading\" data-id=\"adc30b7\" data-element_type=\"widget\" data-e-type=\"widget\" data-widget_type=\"heading.default\">\n\t\t\t\t<div class=\"elementor-widget-container\">\n\t\t\t\t\t<h2 class=\"elementor-heading-title elementor-size-default\">D\u00e9claration de confidentialit\u00e9 pour Facebook<\/h2>\t\t\t\t<\/div>\n\t\t\t\t<\/div>\n\t\t\t\t<div class=\"elementor-element elementor-element-2431fff elementor-widget elementor-widget-text-editor\" data-id=\"2431fff\" data-element_type=\"widget\" data-e-type=\"widget\" data-widget_type=\"text-editor.default\">\n\t\t\t\t<div class=\"elementor-widget-container\">\n\t\t\t\t\t\t\t\t\t<p>Ce site utilise des fonctions de Facebook Inc, 1601 S. California Ave, Palo Alto, CA 94304, USA . Lorsque vous consultez nos pages avec des plug-ins Facebook, une connexion est \u00e9tablie entre votre navigateur et les serveurs de Facebook. Des donn\u00e9es sont alors transmises \u00e0 Facebook. Si vous poss\u00e9dez un compte Facebook, ces donn\u00e9es peuvent y \u00eatre associ\u00e9es. Si vous ne souhaitez pas que ces donn\u00e9es soient associ\u00e9es \u00e0 votre compte Facebook, veuillez vous d\u00e9connecter de Facebook avant de visiter notre site. Les interactions, notamment l&rsquo;utilisation d&rsquo;une fonction de commentaire ou le fait de cliquer sur un bouton \u00ab\u00a0Like\u00a0\u00bb ou \u00ab\u00a0Partager\u00a0\u00bb, sont \u00e9galement transmises \u00e0 Facebook. Pour en savoir plus, voir  <a href=\"https:\/\/de-de.facebook.com\/about\/privacy\" target=\"_blank\" rel=\"noopener\">https:\/\/de-de.facebook.com\/about\/privacy.<\/a><\/p>\n\t\t\t\t\t\t\t\t<\/div>\n\t\t\t\t<\/div>\n\t\t\t\t<div class=\"elementor-element elementor-element-9e9f524 elementor-widget elementor-widget-heading\" data-id=\"9e9f524\" data-element_type=\"widget\" data-e-type=\"widget\" data-widget_type=\"heading.default\">\n\t\t\t\t<div class=\"elementor-widget-container\">\n\t\t\t\t\t<h2 class=\"elementor-heading-title elementor-size-default\">D\u00e9claration de confidentialit\u00e9 pour Instagram<\/h2>\t\t\t\t<\/div>\n\t\t\t\t<\/div>\n\t\t\t\t<div class=\"elementor-element elementor-element-66f488d elementor-widget elementor-widget-text-editor\" data-id=\"66f488d\" data-element_type=\"widget\" data-e-type=\"widget\" data-widget_type=\"text-editor.default\">\n\t\t\t\t<div class=\"elementor-widget-container\">\n\t\t\t\t\t\t\t\t\t<p>Des fonctions du service Instagram sont int\u00e9gr\u00e9es sur notre site web. Ces fonctions sont propos\u00e9es par Instagram Inc., 1601 Willow Road, Menlo Park, CA, 94025, USA. Si vous \u00eates connect\u00e9 \u00e0 votre compte Instagram, vous pouvez, en cliquant sur le bouton Instagram, relier le contenu de nos pages \u00e0 votre profil Instagram. Instagram peut ainsi associer la visite de nos pages \u00e0 votre compte d&rsquo;utilisateur. Nous attirons votre attention sur le fait qu&rsquo;en tant que fournisseur des pages, nous n&rsquo;avons pas connaissance du contenu des donn\u00e9es transmises ni de leur utilisation par Instagram.<\/p>\n<p>Pour plus d&rsquo;informations, veuillez consulter la d\u00e9claration de confidentialit\u00e9 d&rsquo;Instagram <a href=\"https:\/\/instagram.com\/about\/legal\/privacy\/\" target=\"_blank\" rel=\"noopener\">: http:\/\/instagram.com\/about\/legal\/privacy\/<\/a><\/p>\n\t\t\t\t\t\t\t\t<\/div>\n\t\t\t\t<\/div>\n\t\t\t\t<div class=\"elementor-element elementor-element-b685410 elementor-widget elementor-widget-heading\" data-id=\"b685410\" data-element_type=\"widget\" data-e-type=\"widget\" data-widget_type=\"heading.default\">\n\t\t\t\t<div class=\"elementor-widget-container\">\n\t\t\t\t\t<h2 class=\"elementor-heading-title elementor-size-default\">D\u00e9claration de confidentialit\u00e9 pour LinkedIn<\/h2>\t\t\t\t<\/div>\n\t\t\t\t<\/div>\n\t\t\t\t<div class=\"elementor-element elementor-element-15e014c elementor-widget elementor-widget-text-editor\" data-id=\"15e014c\" data-element_type=\"widget\" data-e-type=\"widget\" data-widget_type=\"text-editor.default\">\n\t\t\t\t<div class=\"elementor-widget-container\">\n\t\t\t\t\t\t\t\t\t<p>Dans le cadre de notre offre en ligne, nous utilisons les services de marketing du r\u00e9seau social LinkedIn de LinkedIn Ireland Unlimited Company, Wilton Plaza, Wilton Place, Dublin 2, Ireland (\u00ab\u00a0LinkedIn\u00a0\u00bb).<\/p>\n<p>Ceux-ci utilisent des cookies, c&rsquo;est-\u00e0-dire des fichiers texte qui sont enregistr\u00e9s sur votre ordinateur. Cela nous permet d&rsquo;analyser l&rsquo;utilisation que vous faites de notre site Internet. Cela nous permet, par exemple, de mesurer le succ\u00e8s de nos annonces et d&rsquo;afficher aux utilisateurs des produits qui les ont int\u00e9ress\u00e9s auparavant.<\/p>\n<p>Sont ainsi saisies, par exemple, des informations sur le syst\u00e8me d&rsquo;exploitation, le navigateur, la page Internet que vous avez consult\u00e9e pr\u00e9c\u00e9demment (URL de r\u00e9f\u00e9rence), les pages Internet que l&rsquo;utilisateur a visit\u00e9es, les offres sur lesquelles l&rsquo;utilisateur a cliqu\u00e9, ainsi que la date et l&rsquo;heure de votre visite sur notre site Internet.<\/p>\n<p>Les informations g\u00e9n\u00e9r\u00e9es par le cookie concernant votre utilisation de ce site Internet sont transmises sous forme de pseudonyme \u00e0 un serveur de LinkedIn aux \u00c9tats-Unis et y sont enregistr\u00e9es. LinkedIn n&rsquo;enregistre donc pas le nom ou l&rsquo;adresse \u00e9lectronique de l&rsquo;utilisateur concern\u00e9. Au contraire, les donn\u00e9es susmentionn\u00e9es ne sont attribu\u00e9es qu&rsquo;\u00e0 la personne pour laquelle le cookie a \u00e9t\u00e9 cr\u00e9\u00e9. Cela ne s&rsquo;applique pas si l&rsquo;utilisateur a autoris\u00e9 LinkedIn \u00e0 proc\u00e9der \u00e0 un traitement sans pseudonymisation ou s&rsquo;il poss\u00e8de un compte LinkedIn.<\/p>\n<p>Vous pouvez emp\u00eacher l&rsquo;enregistrement des cookies en configurant votre logiciel de navigation en cons\u00e9quence ; nous attirons toutefois votre attention sur le fait que, dans ce cas, vous ne pourrez peut-\u00eatre pas utiliser toutes les fonctions de ce site Internet dans leur int\u00e9gralit\u00e9. Vous pouvez \u00e9galement vous opposer \u00e0 l&rsquo;utilisation de vos donn\u00e9es directement aupr\u00e8s de LinkedIn <a href=\"https:\/\/www.linkedin.com\/psettings\/guest-controls\/retargeting-opt-out\" target=\"_blank\" rel=\"noopener\">: https:\/\/www.linkedin.com\/psettings\/guest-controls\/retargeting-opt-out.<\/a><\/p>\n<p>Nous utilisons LinkedIn Analytics afin d&rsquo;analyser l&rsquo;utilisation de notre site web et de pouvoir l&rsquo;am\u00e9liorer r\u00e9guli\u00e8rement. Les statistiques obtenues nous permettent d&rsquo;am\u00e9liorer notre offre et de la rendre plus int\u00e9ressante pour vous en tant qu&rsquo;utilisateur. Toutes les entreprises LinkedIn ont adopt\u00e9 les clauses contractuelles standard afin de garantir que le transfert de donn\u00e9es vers les \u00c9tats-Unis et Singapour, n\u00e9cessaire au d\u00e9veloppement, \u00e0 l&rsquo;ex\u00e9cution et au maintien des services, s&rsquo;effectue de mani\u00e8re l\u00e9gale. Si nous demandons aux utilisateurs de donner leur consentement, la base juridique du traitement est l&rsquo;article 6, paragraphe 1. 1 lit. a RGPD. Sinon, la base juridique pour l&rsquo;utilisation de LinkedIn Analytics est l&rsquo;art. 6, paragraphe 6. 1 p. 1 lit. f du RGPD.<\/p>\n<p>Informations du fournisseur tiers : LinkedIn Ireland Unlimited Company Wilton Place, Dublin 2 Ireland ; <a href=\"https:\/\/www.linkedin.com\/legal\/user-agreement?_l=de_DE\" target=\"_blank\" rel=\"noopener\">accord d&rsquo;utilisation<\/a> et <a href=\"https:\/\/www.linkedin.com\/legal\/privacy-policy?_l=de_DE\" target=\"_blank\" rel=\"noopener\">d\u00e9claration de confidentialit\u00e9.<\/a><\/p>\n\t\t\t\t\t\t\t\t<\/div>\n\t\t\t\t<\/div>\n\t\t\t\t<div class=\"elementor-element elementor-element-8787735 elementor-widget elementor-widget-heading\" data-id=\"8787735\" data-element_type=\"widget\" data-e-type=\"widget\" data-widget_type=\"heading.default\">\n\t\t\t\t<div class=\"elementor-widget-container\">\n\t\t\t\t\t<h2 class=\"elementor-heading-title elementor-size-default\">Bulletin d'information - Mailchimp<\/h2>\t\t\t\t<\/div>\n\t\t\t\t<\/div>\n\t\t\t\t<div class=\"elementor-element elementor-element-3c2178e elementor-widget elementor-widget-text-editor\" data-id=\"3c2178e\" data-element_type=\"widget\" data-e-type=\"widget\" data-widget_type=\"text-editor.default\">\n\t\t\t\t<div class=\"elementor-widget-container\">\n\t\t\t\t\t\t\t\t\t<p>L&rsquo;envoi de la newsletter se fait par le biais du prestataire de services d&rsquo;exp\u00e9dition &lsquo;MailChimp&rsquo;, une plateforme d&rsquo;envoi de newsletters du fournisseur am\u00e9ricain Rocket Science Group, LLC, 675 Ponce De Leon Ave NE #5000, Atlanta, GA 30308, USA. Vous pouvez consulter <a href=\"https:\/\/mailchimp.com\/legal\/privacy\/\" target=\"_blank\" rel=\"noopener\">ici<\/a> les dispositions relatives \u00e0 la protection des donn\u00e9es du prestataire de services d&rsquo;exp\u00e9dition. The Rocket Science Group LLC d\/b\/a MailChimp est certifi\u00e9e sous l&rsquo;accord Privacy Shield et offre ainsi une garantie de respect du niveau europ\u00e9en de protection des donn\u00e9es<a href=\"https:\/\/www.privacyshield.gov\/participant?id=a2zt0000000TO6hAAG&amp;status=Active&amp;t=1\" target=\"_blank\" rel=\"noopener\">(PrivacyShield<\/a>). Le prestataire de services d&rsquo;exp\u00e9dition est d\u00e9sign\u00e9 sur la base de nos int\u00e9r\u00eats l\u00e9gitimes conform\u00e9ment \u00e0 l&rsquo;art. Art. 6 al. 1 lit. f du RGPD et d&rsquo;un contrat de traitement des commandes conform\u00e9ment \u00e0 l&rsquo;art. Art. 28 al. 3 p. 1 du RGPD.<\/p>\n<p>Le prestataire de services d&rsquo;envoi peut utiliser les donn\u00e9es des destinataires sous forme pseudonyme, c&rsquo;est-\u00e0-dire sans les associer \u00e0 un utilisateur, pour optimiser ou am\u00e9liorer ses propres services, par exemple pour optimiser techniquement l&rsquo;envoi et la pr\u00e9sentation des newsletters ou les utiliser \u00e0 des fins statistiques. Le prestataire de services d&rsquo;envoi n&rsquo;utilise toutefois pas les donn\u00e9es de nos destinataires de la newsletter pour les contacter lui-m\u00eame ou pour transmettre les donn\u00e9es \u00e0 des tiers.<\/p>\n\t\t\t\t\t\t\t\t<\/div>\n\t\t\t\t<\/div>\n\t\t\t\t<div class=\"elementor-element elementor-element-11338ef elementor-widget elementor-widget-heading\" data-id=\"11338ef\" data-element_type=\"widget\" data-e-type=\"widget\" data-widget_type=\"heading.default\">\n\t\t\t\t<div class=\"elementor-widget-container\">\n\t\t\t\t\t<h2 class=\"elementor-heading-title elementor-size-default\">D\u00e9claration de confidentialit\u00e9 pour YouTube<\/h2>\t\t\t\t<\/div>\n\t\t\t\t<\/div>\n\t\t\t\t<div class=\"elementor-element elementor-element-d3c7690 elementor-widget elementor-widget-text-editor\" data-id=\"d3c7690\" data-element_type=\"widget\" data-e-type=\"widget\" data-widget_type=\"text-editor.default\">\n\t\t\t\t<div class=\"elementor-widget-container\">\n\t\t\t\t\t\t\t\t\t<p>Des fonctions du service \u00ab\u00a0YouTube\u00a0\u00bb sont int\u00e9gr\u00e9es \u00e0 ce site web. \u00ab\u00a0YouTube\u00a0\u00bb appartient \u00e0 Google Ireland Limited, une soci\u00e9t\u00e9 enregistr\u00e9e et exploit\u00e9e selon le droit irlandais, dont le si\u00e8ge est situ\u00e9 \u00e0 Gordon House, Barrow Street, Dublin 4, Irlande, et qui exploite les services dans l&rsquo;Espace \u00e9conomique europ\u00e9en et en Suisse.<\/p>\n<p>Votre accord juridique avec \u00ab\u00a0YouTube\u00a0\u00bb est constitu\u00e9 des termes et conditions disponibles sur le lien suivant <a href=\"https:\/\/www.youtube.com\/static?gl=DE&amp;template=terms&amp;hl=de\" target=\"_blank\" rel=\"noopener\">: https:\/\/www.youtube.com\/static?gl=de&amp;template=terms&amp;hl=de.<\/a> Les pr\u00e9sentes Conditions constituent un accord juridiquement contraignant entre vous et \u00ab\u00a0YouTube\u00a0\u00bb concernant l&rsquo;utilisation des Services. Les r\u00e8gles de confidentialit\u00e9 de Google expliquent comment \u00ab\u00a0YouTube\u00a0\u00bb traite et prot\u00e8ge vos donn\u00e9es personnelles lorsque vous utilisez le service.<\/p>\n\t\t\t\t\t\t\t\t<\/div>\n\t\t\t\t<\/div>\n\t\t\t\t<div class=\"elementor-element elementor-element-21d3576 elementor-widget elementor-widget-heading\" data-id=\"21d3576\" data-element_type=\"widget\" data-e-type=\"widget\" data-widget_type=\"heading.default\">\n\t\t\t\t<div class=\"elementor-widget-container\">\n\t\t\t\t\t<h2 class=\"elementor-heading-title elementor-size-default\">Droits d'auteur<\/h2>\t\t\t\t<\/div>\n\t\t\t\t<\/div>\n\t\t\t\t<div class=\"elementor-element elementor-element-301e5cc elementor-widget elementor-widget-text-editor\" data-id=\"301e5cc\" data-element_type=\"widget\" data-e-type=\"widget\" data-widget_type=\"text-editor.default\">\n\t\t\t\t<div class=\"elementor-widget-container\">\n\t\t\t\t\t\t\t\t\t<p>Les droits d&rsquo;auteur et tous les autres droits li\u00e9s aux contenus, images, photos ou autres fichiers pr\u00e9sents sur le site web appartiennent exclusivement \u00e0 l&rsquo;exploitant de ce site web ou aux titulaires de droits sp\u00e9cialement cit\u00e9s. Pour la reproduction de tous les fichiers, l&rsquo;accord \u00e9crit du d\u00e9tenteur des droits d&rsquo;auteur doit \u00eatre obtenu au pr\u00e9alable.<\/p>\n<p>Toute personne qui commet une violation des droits d&rsquo;auteur sans l&rsquo;autorisation du titulaire des droits concern\u00e9 peut \u00eatre punie et, le cas \u00e9ch\u00e9ant, \u00eatre tenue de verser des dommages et int\u00e9r\u00eats.<\/p>\n\t\t\t\t\t\t\t\t<\/div>\n\t\t\t\t<\/div>\n\t\t\t\t<div class=\"elementor-element elementor-element-8d51943 elementor-widget elementor-widget-heading\" data-id=\"8d51943\" data-element_type=\"widget\" data-e-type=\"widget\" data-widget_type=\"heading.default\">\n\t\t\t\t<div class=\"elementor-widget-container\">\n\t\t\t\t\t<h2 class=\"elementor-heading-title elementor-size-default\">Clause de non-responsabilit\u00e9 g\u00e9n\u00e9rale<\/h2>\t\t\t\t<\/div>\n\t\t\t\t<\/div>\n\t\t\t\t<div class=\"elementor-element elementor-element-346eead elementor-widget elementor-widget-text-editor\" data-id=\"346eead\" data-element_type=\"widget\" data-e-type=\"widget\" data-widget_type=\"text-editor.default\">\n\t\t\t\t<div class=\"elementor-widget-container\">\n\t\t\t\t\t\t\t\t\t<p>Toutes les informations de notre offre Internet ont \u00e9t\u00e9 soigneusement v\u00e9rifi\u00e9es. Nous nous effor\u00e7ons de proposer une offre d&rsquo;informations actuelle, correcte et compl\u00e8te. Nous ne pouvons donc pas garantir l&rsquo;exhaustivit\u00e9, l&rsquo;exactitude et l&rsquo;actualit\u00e9 des informations, m\u00eame de nature journalistique et r\u00e9dactionnelle. Toute responsabilit\u00e9 pour des dommages mat\u00e9riels ou immat\u00e9riels caus\u00e9s par l&rsquo;utilisation des informations propos\u00e9es est exclue, sauf en cas de faute intentionnelle ou de n\u00e9gligence grave av\u00e9r\u00e9e.<\/p>\n<p>L&rsquo;\u00e9diteur peut, \u00e0 sa seule discr\u00e9tion et sans pr\u00e9avis, modifier ou supprimer des textes et n&rsquo;est pas tenu de mettre \u00e0 jour le contenu de ce site. L&rsquo;utilisation ou l&rsquo;acc\u00e8s \u00e0 ce site web se fait aux risques et p\u00e9rils du visiteur. L&rsquo;\u00e9diteur, ses mandants ou ses partenaires ne sont pas responsables des dommages, tels que les dommages directs, indirects, fortuits, \u00e0 d\u00e9terminer concr\u00e8tement \u00e0 l&rsquo;avance ou cons\u00e9cutifs, pr\u00e9tendument caus\u00e9s par la visite de ce site web et n&rsquo;assument par cons\u00e9quent aucune responsabilit\u00e9 \u00e0 cet \u00e9gard.<\/p>\n<p>L&rsquo;\u00e9diteur d\u00e9cline \u00e9galement toute responsabilit\u00e9 quant au contenu et \u00e0 la disponibilit\u00e9 des sites web de tiers accessibles via les liens externes de ce site. Seuls les exploitants de ces sites sont responsables de leur contenu. L&rsquo;\u00e9diteur se distancie ainsi express\u00e9ment de tous les contenus de tiers qui pourraient \u00e9ventuellement relever du droit p\u00e9nal ou de la responsabilit\u00e9 civile, ou qui seraient contraires aux bonnes m\u0153urs.<\/p>\n\t\t\t\t\t\t\t\t<\/div>\n\t\t\t\t<\/div>\n\t\t\t\t<div class=\"elementor-element elementor-element-7a21c7f elementor-widget elementor-widget-heading\" data-id=\"7a21c7f\" data-element_type=\"widget\" data-e-type=\"widget\" data-widget_type=\"heading.default\">\n\t\t\t\t<div class=\"elementor-widget-container\">\n\t\t\t\t\t<h2 class=\"elementor-heading-title elementor-size-default\">Modifications<\/h2>\t\t\t\t<\/div>\n\t\t\t\t<\/div>\n\t\t\t\t<div class=\"elementor-element elementor-element-037e08d elementor-widget elementor-widget-text-editor\" data-id=\"037e08d\" data-element_type=\"widget\" data-e-type=\"widget\" data-widget_type=\"text-editor.default\">\n\t\t\t\t<div class=\"elementor-widget-container\">\n\t\t\t\t\t\t\t\t\t<p>Nous pouvons modifier cette d\u00e9claration de confidentialit\u00e9 \u00e0 tout moment et sans pr\u00e9avis. La version en vigueur publi\u00e9e sur notre site web fait foi. Si la d\u00e9claration de confidentialit\u00e9 fait partie d&rsquo;un accord conclu avec vous, nous vous informerons de toute mise \u00e0 jour par e-mail ou par tout autre moyen appropri\u00e9.<\/p>\n\t\t\t\t\t\t\t\t<\/div>\n\t\t\t\t<\/div>\n\t\t\t\t<div class=\"elementor-element elementor-element-2aa9a0c elementor-widget elementor-widget-heading\" data-id=\"2aa9a0c\" data-element_type=\"widget\" data-e-type=\"widget\" data-widget_type=\"heading.default\">\n\t\t\t\t<div class=\"elementor-widget-container\">\n\t\t\t\t\t<h2 class=\"elementor-heading-title elementor-size-default\">Questions au d\u00e9l\u00e9gu\u00e9 \u00e0 la protection des donn\u00e9es<\/h2>\t\t\t\t<\/div>\n\t\t\t\t<\/div>\n\t\t\t\t<div class=\"elementor-element elementor-element-dfbb6bc elementor-widget elementor-widget-text-editor\" data-id=\"dfbb6bc\" data-element_type=\"widget\" data-e-type=\"widget\" data-widget_type=\"text-editor.default\">\n\t\t\t\t<div class=\"elementor-widget-container\">\n\t\t\t\t\t\t\t\t\t<p>Si vous avez des questions concernant la protection des donn\u00e9es, veuillez nous envoyer un e-mail ou vous adresser directement \u00e0 la personne responsable de la protection des donn\u00e9es au sein de notre organisation, dont la liste figure au d\u00e9but de la pr\u00e9sente d\u00e9claration de confidentialit\u00e9.<\/p>\n\t\t\t\t\t\t\t\t<\/div>\n\t\t\t\t<\/div>\n\t\t\t\t<div class=\"elementor-element elementor-element-72d5819 elementor-widget elementor-widget-text-editor\" data-id=\"72d5819\" data-element_type=\"widget\" data-e-type=\"widget\" data-widget_type=\"text-editor.default\">\n\t\t\t\t<div class=\"elementor-widget-container\">\n\t\t\t\t\t\t\t\t\t<p>Source : <span style=\"text-decoration: underline;\"><br \/>\n  <a href=\"https:\/\/www.swissanwalt.ch\/\" target=\"_blank\" rel=\"noopener\">SwissAnwalt<\/a><br \/>\n<\/span><\/p>\n\t\t\t\t\t\t\t\t<\/div>\n\t\t\t\t<\/div>\n\t\t\t\t\t<\/div>\n\t\t<\/div>\n\t\t\t\t\t<\/div>\n\t\t<\/section>\n\t\t\t\t<\/div>\n\t\t","protected":false},"excerpt":{"rendered":"<p>Mon r\u00e9seau agroalimentaire Protection des donn\u00e9es D\u00e9claration de confidentialit\u00e9 Le service responsable au sens des lois sur la protection des donn\u00e9es, en particulier du r\u00e8glement g\u00e9n\u00e9ral sur la protection des donn\u00e9es (RGPD) de l&rsquo;UE, est : SVIAL \/ ASIATAndreas H\u00fcgliSch\u00fctzenstrasse 103052 ZollikofenT\u00e9l\u00e9phone : +41 31 910 50 75Courrier \u00e9lectronique : svial@svial.chSite web : https:\/\/svial.ch\/ Remarque [&hellip;]<\/p>\n","protected":false},"author":1,"featured_media":0,"parent":0,"menu_order":0,"comment_status":"closed","ping_status":"closed","template":"","meta":{"ocean_post_layout":"full-screen","ocean_both_sidebars_style":"","ocean_both_sidebars_content_width":0,"ocean_both_sidebars_sidebars_width":0,"ocean_sidebar":"0","ocean_second_sidebar":"0","ocean_disable_margins":"enable","ocean_add_body_class":"","ocean_shortcode_before_top_bar":"","ocean_shortcode_after_top_bar":"","ocean_shortcode_before_header":"","ocean_shortcode_after_header":"","ocean_has_shortcode":"","ocean_shortcode_after_title":"","ocean_shortcode_before_footer_widgets":"","ocean_shortcode_after_footer_widgets":"","ocean_shortcode_before_footer_bottom":"","ocean_shortcode_after_footer_bottom":"","ocean_display_top_bar":"off","ocean_display_header":"default","ocean_header_style":"","ocean_center_header_left_menu":"0","ocean_custom_header_template":"0","ocean_custom_logo":0,"ocean_custom_retina_logo":0,"ocean_custom_logo_max_width":0,"ocean_custom_logo_tablet_max_width":0,"ocean_custom_logo_mobile_max_width":0,"ocean_custom_logo_max_height":0,"ocean_custom_logo_tablet_max_height":0,"ocean_custom_logo_mobile_max_height":0,"ocean_header_custom_menu":"0","ocean_menu_typo_font_family":"0","ocean_menu_typo_font_subset":"","ocean_menu_typo_font_size":0,"ocean_menu_typo_font_size_tablet":0,"ocean_menu_typo_font_size_mobile":0,"ocean_menu_typo_font_size_unit":"px","ocean_menu_typo_font_weight":"","ocean_menu_typo_font_weight_tablet":"","ocean_menu_typo_font_weight_mobile":"","ocean_menu_typo_transform":"","ocean_menu_typo_transform_tablet":"","ocean_menu_typo_transform_mobile":"","ocean_menu_typo_line_height":0,"ocean_menu_typo_line_height_tablet":0,"ocean_menu_typo_line_height_mobile":0,"ocean_menu_typo_line_height_unit":"","ocean_menu_typo_spacing":0,"ocean_menu_typo_spacing_tablet":0,"ocean_menu_typo_spacing_mobile":0,"ocean_menu_typo_spacing_unit":"","ocean_menu_link_color":"","ocean_menu_link_color_hover":"","ocean_menu_link_color_active":"","ocean_menu_link_background":"","ocean_menu_link_hover_background":"","ocean_menu_link_active_background":"","ocean_menu_social_links_bg":"","ocean_menu_social_hover_links_bg":"","ocean_menu_social_links_color":"","ocean_menu_social_hover_links_color":"","ocean_disable_title":"on","ocean_disable_heading":"default","ocean_post_title":"","ocean_post_subheading":"","ocean_post_title_style":"","ocean_post_title_background_color":"","ocean_post_title_background":0,"ocean_post_title_bg_image_position":"","ocean_post_title_bg_image_attachment":"","ocean_post_title_bg_image_repeat":"","ocean_post_title_bg_image_size":"","ocean_post_title_height":0,"ocean_post_title_bg_overlay":0.5,"ocean_post_title_bg_overlay_color":"","ocean_disable_breadcrumbs":"default","ocean_breadcrumbs_color":"","ocean_breadcrumbs_separator_color":"","ocean_breadcrumbs_links_color":"","ocean_breadcrumbs_links_hover_color":"","ocean_display_footer_widgets":"off","ocean_display_footer_bottom":"off","ocean_custom_footer_template":"0","iawp_total_views":12,"footnotes":""},"class_list":["post-6160","page","type-page","status-publish","hentry","entry"],"_links":{"self":[{"href":"https:\/\/www.svial.ch\/fr\/wp-json\/wp\/v2\/pages\/6160","targetHints":{"allow":["GET"]}}],"collection":[{"href":"https:\/\/www.svial.ch\/fr\/wp-json\/wp\/v2\/pages"}],"about":[{"href":"https:\/\/www.svial.ch\/fr\/wp-json\/wp\/v2\/types\/page"}],"author":[{"embeddable":true,"href":"https:\/\/www.svial.ch\/fr\/wp-json\/wp\/v2\/users\/1"}],"replies":[{"embeddable":true,"href":"https:\/\/www.svial.ch\/fr\/wp-json\/wp\/v2\/comments?post=6160"}],"version-history":[{"count":3,"href":"https:\/\/www.svial.ch\/fr\/wp-json\/wp\/v2\/pages\/6160\/revisions"}],"predecessor-version":[{"id":8774,"href":"https:\/\/www.svial.ch\/fr\/wp-json\/wp\/v2\/pages\/6160\/revisions\/8774"}],"wp:attachment":[{"href":"https:\/\/www.svial.ch\/fr\/wp-json\/wp\/v2\/media?parent=6160"}],"curies":[{"name":"wp","href":"https:\/\/api.w.org\/{rel}","templated":true}]}}